{"id":248,"date":"2016-10-15T11:40:45","date_gmt":"2016-10-15T11:40:45","guid":{"rendered":"http:\/\/localhost:8080\/act\/?page_id=248"},"modified":"2021-04-08T07:39:59","modified_gmt":"2021-04-08T07:39:59","slug":"projects","status":"publish","type":"page","link":"https:\/\/album-larinascita.ch\/en\/projects\/","title":{"rendered":"Projects"},"content":{"rendered":"<div class=\"wpb-content-wrapper\"><div data-vc-full-width=\"true\" data-vc-full-width-init=\"false\" data-vc-stretch-content=\"true\" class=\"vc_row wpb_row vc_row-fluid title222 vc_row-no-padding\"><div class=\"wpb_column vc_column_container vc_col-sm-12\"><div class=\"vc_column-inner \"><div class=\"wpb_wrapper\"><div class=\"klb-title\" style=\"text-align:center\"><h1 style=\"color:#ffffff\">Mes publications<\/h1><div class=\"accent-rule-short\" style=\"border-top:1px solid  !important;\"><\/div><h2 style=\"color:#ffffff\"><\/h2><\/div>\n\t<div class=\"wpb_raw_code wpb_raw_html wpb_content_element\" >\n\t\t<div class=\"wpb_wrapper\">\n\t\t\t\n\n<div id=\"sb_youtube_sbyUC51gbAxTSKiu0YyBaAIWLw18\" \n\t class=\"sb_youtube sby_layout_grid sby_col_3 sby_mob_col_2 sby_palette_inherit  sby_width_resp\" \n\tdata-feedid=\"sby_UC-51gbAxTSKiu0YyBaAIWLw#18\" \n\tdata-shortcode-atts=\"{}\" \n\tdata-cols=\"3\" \n\tdata-colsmobile=\"2\" \n\tdata-num=\"18\" \n\tdata-nummobile=\"9\" \n\tdata-channel-subscribers=\"636 subscribers\"\tdata-subscribe-btn=\"1\" \n\tdata-subscribe-btn-text=\"Subscribe\" \n\tdata_channel_header_colors =\"{&quot;channelName&quot;:&quot;&quot;,&quot;subscribeCount&quot;:&quot;&quot;,&quot;buttonBackground&quot;:&quot;&quot;,&quot;buttonText&quot;:&quot;&quot;}\"\n\t data-sby-flags=\"resizeDisable\" data-postid=\"248\" data-sby-supports-lightbox=\"1\" style=\"width: 85%;\" \n\t data-videocardlayout=\"vertical\" \n>\n\t        <div class=\"sby_items_wrap sby_info_side\" style=\"padding: 5px;\">\n\t\t<div class=\"sby_item  sby_new sby_transition\" id=\"sby_VVUtNTFnYkF4VFNLaXUwWXlCYUFJV0x3LkpCdXN5MWVWbTh3\" data-date=\"1746712914\" data-video-id=\"JBusy1eVm8w\">\n    <div class=\"sby_inner_item\">\n        <div class=\"sby_video_thumbnail_wrap sby_item_video_thumbnail_wrap\">\n            <a class=\"sby_video_thumbnail sby_item_video_thumbnail\" href=\"https:\/\/www.youtube.com\/watch?v=JBusy1eVm8w\" target=\"_blank\" rel=\"noopener\" data-full-res=\"https:\/\/i.ytimg.com\/vi\/JBusy1eVm8w\/maxresdefault.jpg\" data-img-src-set=\"{&quot;120&quot;:&quot;https:\\\/\\\/i.ytimg.com\\\/vi\\\/JBusy1eVm8w\\\/default.jpg&quot;,&quot;320&quot;:&quot;https:\\\/\\\/i.ytimg.com\\\/vi\\\/JBusy1eVm8w\\\/mqdefault.jpg&quot;,&quot;480&quot;:&quot;https:\\\/\\\/i.ytimg.com\\\/vi\\\/JBusy1eVm8w\\\/hqdefault.jpg&quot;,&quot;640&quot;:&quot;https:\\\/\\\/i.ytimg.com\\\/vi\\\/JBusy1eVm8w\\\/sddefault.jpg&quot;}\" data-video-id=\"JBusy1eVm8w\" data-video-title=\"Mamma\">\n                <img decoding=\"async\" src=\"https:\/\/album-larinascita.ch\/wp-content\/plugins\/feeds-for-youtube\/img\/placeholder.png\" alt=\"Aujourd\u2019hui, ma maman aurait eu 80 ans.\nElle \u00e9tait n\u00e9e le jour de l\u2019Armistice \u270c\ufe0f \u2013 un symbole de paix, de courage et d\u2019amour, tout comme elle. D\u2019ailleurs, l\u2019ann\u00e9e pass\u00e9e, je lui avais ramen\u00e9 d\u2019Oslo la colombe \ud83d\udd4a\ufe0f de paix du centre Nobel de la paix.\n\nPour la premi\u00e8re fois, je ne peux pas la serrer dans mes bras et l\u2019embrasser.\nMais sur cette photo prise pour ses 32 ans, c\u2019est elle qui me serre contre elle \u2013 comme elle l\u2019a toujours fait, avec une infinie tendresse.\n\nPour lui rendre hommage, j\u2019ai enregistr\u00e9 le titre \u00ab Mamma \u00bb, que Pavarotti chantait si merveilleusement.\nEn attendant sa sortie sur toutes les plateformes de streaming, je vous le partage ici, avec tendresse.\n\n\ud83d\udcab \u00c0 toi, Maman. Aujourd\u2019hui plus que jamais, je pense \u00e0 toi. \ud83d\udc90\n\n\ud83d\udc4d\u27a1\ufe0f N&#039;oubliez pas de LIKER, PARTAGER et soutenir mes contenus. Votre soutien compte \u00e9norm\u00e9ment pour moi et m&#039;aidera \u00e0 toucher un public encore plus large. Ensemble, faisons de la musique un langage universel qui rassemble les c\u0153urs et les \u00e2mes ! \u2764\ufe0f\ud83c\udfb5\n\nhttps:\/\/fredericbillharz.com\/evenement\nhttps:\/\/billharz.com\n\nFacebook : https:\/\/facebook.com\/frederic.billharz\nInstagram : https:\/\/instagram.com\/billharzfrederic\nTiktok : https:\/\/www.tiktok.com\/@billharzfrederic\nX :  https:\/\/x.com\/billharz\nSoundcloud : https:\/\/soundcloud.com\/billharzfrederic\nWeb :  https:\/\/fredericbillharz.com\nMail :  contact@fredericbillharz.com\n\n\n#Hommage #Mamma #F\u00eateDesMamans #Souvenir\u00c9ternel #Paix #AmourMaternel #LucianoPavarotti #Armistice #ColombeDePaix #Oslo #NobelPeaceCenter #Anniversaire #80ans #M\u00e9moire #ChansonHommage #Musique\u00c9motion #Cover #YouTubeMusic #Streaming #NeverForget\">\n\n                <div class=\"sby_thumbnail_hover sby_item_video_thumbnail_hover\">\n                    <div class=\"sby_thumbnail_hover_inner\">\n                                            <\/div>\n                <\/div>\n\n                                    <div class=\"sby_play_btn\" >\n                        <span class=\"sby_play_btn_bg\"><\/span>\n                        <svg aria-hidden=\"true\" focusable=\"false\" data-prefix=\"fab\" data-icon=\"youtube\" role=\"img\" xmlns=\"http:\/\/www.w3.org\/2000\/svg\" viewBox=\"0 0 576 512\" class=\"svg-inline--fa fa-youtube fa-w-18\"><path fill=\"currentColor\" d=\"M549.655 124.083c-6.281-23.65-24.787-42.276-48.284-48.597C458.781 64 288 64 288 64S117.22 64 74.629 75.486c-23.497 6.322-42.003 24.947-48.284 48.597-11.412 42.867-11.412 132.305-11.412 132.305s0 89.438 11.412 132.305c6.281 23.65 24.787 41.5 48.284 47.821C117.22 448 288 448 288 448s170.78 0 213.371-11.486c23.497-6.321 42.003-24.171 48.284-47.821 11.412-42.867 11.412-132.305 11.412-132.305s0-89.438-11.412-132.305zm-317.51 213.508V175.185l142.739 81.205-142.739 81.201z\" class=\"\"><\/path><\/svg>                    <\/div>\n                                <span class=\"sby_loader sby_hidden\" style=\"background-color: rgb(255, 255, 255);\"><\/span>\n            <\/a>\n\n                    <\/div>\n    <\/div>\n<\/div><div class=\"sby_item  sby_new sby_transition\" id=\"sby_VVUtNTFnYkF4VFNLaXUwWXlCYUFJV0x3LngtcWoxNERCUmFj\" data-date=\"1700382414\" data-video-id=\"x-qj14DBRac\">\n    <div class=\"sby_inner_item\">\n        <div class=\"sby_video_thumbnail_wrap sby_item_video_thumbnail_wrap\">\n            <a class=\"sby_video_thumbnail sby_item_video_thumbnail\" href=\"https:\/\/www.youtube.com\/watch?v=x-qj14DBRac\" target=\"_blank\" rel=\"noopener\" data-full-res=\"https:\/\/i.ytimg.com\/vi\/x-qj14DBRac\/maxresdefault.jpg\" data-img-src-set=\"{&quot;120&quot;:&quot;https:\\\/\\\/i.ytimg.com\\\/vi\\\/x-qj14DBRac\\\/default.jpg&quot;,&quot;320&quot;:&quot;https:\\\/\\\/i.ytimg.com\\\/vi\\\/x-qj14DBRac\\\/mqdefault.jpg&quot;,&quot;480&quot;:&quot;https:\\\/\\\/i.ytimg.com\\\/vi\\\/x-qj14DBRac\\\/hqdefault.jpg&quot;,&quot;640&quot;:&quot;https:\\\/\\\/i.ytimg.com\\\/vi\\\/x-qj14DBRac\\\/sddefault.jpg&quot;}\" data-video-id=\"x-qj14DBRac\" data-video-title=\"Mexico (Luis Mariano), Fr\u00e9d\u00e9ric Billharz \u00e0 la salle des f\u00eates de Th\u00f4nex (Gen\u00e8ve)\">\n                <img decoding=\"async\" src=\"https:\/\/album-larinascita.ch\/wp-content\/plugins\/feeds-for-youtube\/img\/placeholder.png\" alt=\"Lors du 50\u00e8me anniversaire du MDA Gen\u00e8ve\nChant\u00e9 avec le public\n\n\ud83c\udfb5 T\u00e9nor lyrique mais pas que ... \ud83c\udfb6\n\n\ud83c\udf1f Bonjour \u00e0 tous ! Je suis enthousiaste de vous pr\u00e9senter mes interpr\u00e9tations uniques et passionn\u00e9es qui embrassent une large gamme de styles musicaux. En tant que chanteur t\u00e9nor lyrique polyvalent, j&#039;ai une v\u00e9ritable passion pour l&#039;op\u00e9ra, le bel canto, les airs sacr\u00e9s, le crossover, les com\u00e9dies musicales, les chants napolitains, les chansons pop comme celles de Queen, le music-hall et m\u00eame Metallica. \ud83c\udfa4\n\n\ud83d\udd25 Je vais fr\u00e9quemment vous proposer des d\u00e9mos de morceaux exclusifs, vous offrant ainsi une v\u00e9ritable immersion dans la diversit\u00e9 de mes interpr\u00e9tations. Soyez pr\u00eats \u00e0 \u00eatre surpris par les diff\u00e9rentes couleurs de ma voix et aux \u00e9motions que je mets dans mes interpr\u00e9tations. \ud83c\udfb6\n\n\ud83c\udf1f Si vous recherchez un artiste pour accompagner vos \u00e9v\u00e9nements sp\u00e9ciaux tels que mariages, c\u00e9r\u00e9monies, inaugurations, \u00e9v\u00e9nements sportifs ou m\u00eame pour interpr\u00e9ter un hymne national, ne cherchez plus ! Je suis pr\u00eat \u00e0 donner vie \u00e0 vos moments les plus m\u00e9morables. \u2728\n\n\ud83d\udce9 N&#039;h\u00e9sitez pas \u00e0 me contacter et faire de votre \u00e9v\u00e9nement un succ\u00e8s. Je suis \u00e9galement ouvert \u00e0 collaborer avec d\u2019autres musiciens et des producteurs qui souhaitent exploiter mon univers musical. Ensemble, cr\u00e9ons des moments magiques et inoubliables en partageanat nos vibrations et nos \u00e9motions ! \ud83c\udfb6\n\n\ud83d\udc4d\u27a1\ufe0f N&#039;oubliez pas de LIKER, PARTAGER et soutenir mes contenus. Votre soutien compte \u00e9norm\u00e9ment pour moi et m&#039;aidera \u00e0 toucher un public encore plus large. Ensemble, faisons de la musique un langage universel qui rassemble les c\u0153urs et les \u00e2mes ! \u2764\ufe0f\ud83c\udfb5\n\nhttps:\/\/fredericbillharz.com\/evenement\nhttps:\/\/billharz.com\n\nFacebook : https:\/\/facebook.com\/frederic.billharz\nInstagram : https:\/\/instagram.com\/billharzfrederic\nTiktok : https:\/\/www.tiktok.com\/@billharzfrederic\nX :  https:\/\/x.com\/billharz\nSoundcloud : https:\/\/soundcloud.com\/billharzfrederic\nWeb :  https:\/\/fredericbillharz.com\nMail :  contact@fredericbillharz.com\n\n#mexico #luismariano #tenor\">\n\n                <div class=\"sby_thumbnail_hover sby_item_video_thumbnail_hover\">\n                    <div class=\"sby_thumbnail_hover_inner\">\n                                            <\/div>\n                <\/div>\n\n                                    <div class=\"sby_play_btn\" >\n                        <span class=\"sby_play_btn_bg\"><\/span>\n                        <svg aria-hidden=\"true\" focusable=\"false\" data-prefix=\"fab\" data-icon=\"youtube\" role=\"img\" xmlns=\"http:\/\/www.w3.org\/2000\/svg\" viewBox=\"0 0 576 512\" class=\"svg-inline--fa fa-youtube fa-w-18\"><path fill=\"currentColor\" d=\"M549.655 124.083c-6.281-23.65-24.787-42.276-48.284-48.597C458.781 64 288 64 288 64S117.22 64 74.629 75.486c-23.497 6.322-42.003 24.947-48.284 48.597-11.412 42.867-11.412 132.305-11.412 132.305s0 89.438 11.412 132.305c6.281 23.65 24.787 41.5 48.284 47.821C117.22 448 288 448 288 448s170.78 0 213.371-11.486c23.497-6.321 42.003-24.171 48.284-47.821 11.412-42.867 11.412-132.305 11.412-132.305s0-89.438-11.412-132.305zm-317.51 213.508V175.185l142.739 81.205-142.739 81.201z\" class=\"\"><\/path><\/svg>                    <\/div>\n                                <span class=\"sby_loader sby_hidden\" style=\"background-color: rgb(255, 255, 255);\"><\/span>\n            <\/a>\n\n                    <\/div>\n    <\/div>\n<\/div><div class=\"sby_item  sby_new sby_transition\" id=\"sby_VVUtNTFnYkF4VFNLaXUwWXlCYUFJV0x3LktEN292eXd3TGR3\" data-date=\"1695320948\" data-video-id=\"KD7ovywwLdw\">\n    <div class=\"sby_inner_item\">\n        <div class=\"sby_video_thumbnail_wrap sby_item_video_thumbnail_wrap\">\n            <a class=\"sby_video_thumbnail sby_item_video_thumbnail\" href=\"https:\/\/www.youtube.com\/watch?v=KD7ovywwLdw\" target=\"_blank\" rel=\"noopener\" data-full-res=\"https:\/\/i.ytimg.com\/vi\/KD7ovywwLdw\/maxresdefault.jpg\" data-img-src-set=\"{&quot;120&quot;:&quot;https:\\\/\\\/i.ytimg.com\\\/vi\\\/KD7ovywwLdw\\\/default.jpg&quot;,&quot;320&quot;:&quot;https:\\\/\\\/i.ytimg.com\\\/vi\\\/KD7ovywwLdw\\\/mqdefault.jpg&quot;,&quot;480&quot;:&quot;https:\\\/\\\/i.ytimg.com\\\/vi\\\/KD7ovywwLdw\\\/hqdefault.jpg&quot;,&quot;640&quot;:&quot;https:\\\/\\\/i.ytimg.com\\\/vi\\\/KD7ovywwLdw\\\/sddefault.jpg&quot;}\" data-video-id=\"KD7ovywwLdw\" data-video-title=\"Caruso, Fr\u00e9d\u00e9ric Billharz\">\n                <img decoding=\"async\" src=\"https:\/\/album-larinascita.ch\/wp-content\/plugins\/feeds-for-youtube\/img\/placeholder.png\" alt=\"\ud83c\udfb5 T\u00e9nor lyrique mais pas que ... \ud83c\udfb6\n\n\ud83c\udf1f Bonjour \u00e0 tous ! Je suis enthousiaste de vous pr\u00e9senter mes interpr\u00e9tations uniques et passionn\u00e9es qui embrassent une large gamme de styles musicaux. En tant que chanteur t\u00e9nor lyrique polyvalent, j&#039;ai une v\u00e9ritable passion pour l&#039;op\u00e9ra, le bel canto, les airs sacr\u00e9s, le crossover, les com\u00e9dies musicales, les chants napolitains, les chansons pop comme celles de Queen, le music-hall et m\u00eame Metallica. \ud83c\udfa4\n\n\ud83d\udd25 Je vais fr\u00e9quemment vous proposer des d\u00e9mos de morceaux exclusifs, vous offrant ainsi une v\u00e9ritable immersion dans la diversit\u00e9 de mes interpr\u00e9tations. Soyez pr\u00eats \u00e0 \u00eatre surpris par les diff\u00e9rentes couleurs de ma voix et aux \u00e9motions que je mets dans mes interpr\u00e9tations. \ud83c\udfb6\n\n\ud83c\udf1f Si vous recherchez un artiste pour accompagner vos \u00e9v\u00e9nements sp\u00e9ciaux tels que mariages, c\u00e9r\u00e9monies, inaugurations, \u00e9v\u00e9nements sportifs ou m\u00eame pour interpr\u00e9ter un hymne national, ne cherchez plus ! Je suis pr\u00eat \u00e0 donner vie \u00e0 vos moments les plus m\u00e9morables. \u2728\n\n\ud83d\udce9 N&#039;h\u00e9sitez pas \u00e0 me contacter et faire de votre \u00e9v\u00e9nement un succ\u00e8s. Je suis \u00e9galement ouvert \u00e0 collaborer avec d\u2019autres musiciens et des producteurs qui souhaitent exploiter mon univers musical. Ensemble, cr\u00e9ons des moments magiques et inoubliables en partageanat nos vibrations et nos \u00e9motions ! \ud83c\udfb6\n\n\ud83d\udc4d\u27a1\ufe0f N&#039;oubliez pas de LIKER, PARTAGER et soutenir mes contenus. Votre soutien compte \u00e9norm\u00e9ment pour moi et m&#039;aidera \u00e0 toucher un public encore plus large. Ensemble, faisons de la musique un langage universel qui rassemble les c\u0153urs et les \u00e2mes ! \u2764\ufe0f\ud83c\udfb5\n\nhttps:\/\/fredericbillharz.com\/evenement\nhttps:\/\/billharz.com\n\nFacebook : https:\/\/facebook.com\/frederic.billharz\nInstagram : https:\/\/instagram.com\/billharzfrederic\nTiktok : https:\/\/www.tiktok.com\/@billharzfrederic\nX :  https:\/\/twitter.com\/billharz\nSoundcloud : https:\/\/soundcloud.com\/billharzfrederic\nWeb :  https:\/\/fredericbillharz.com\nMail :  contact@fredericbillharz.com\n\n#caruso #luciodalla #lucianopavarotti\">\n\n                <div class=\"sby_thumbnail_hover sby_item_video_thumbnail_hover\">\n                    <div class=\"sby_thumbnail_hover_inner\">\n                                            <\/div>\n                <\/div>\n\n                                    <div class=\"sby_play_btn\" >\n                        <span class=\"sby_play_btn_bg\"><\/span>\n                        <svg aria-hidden=\"true\" focusable=\"false\" data-prefix=\"fab\" data-icon=\"youtube\" role=\"img\" xmlns=\"http:\/\/www.w3.org\/2000\/svg\" viewBox=\"0 0 576 512\" class=\"svg-inline--fa fa-youtube fa-w-18\"><path fill=\"currentColor\" d=\"M549.655 124.083c-6.281-23.65-24.787-42.276-48.284-48.597C458.781 64 288 64 288 64S117.22 64 74.629 75.486c-23.497 6.322-42.003 24.947-48.284 48.597-11.412 42.867-11.412 132.305-11.412 132.305s0 89.438 11.412 132.305c6.281 23.65 24.787 41.5 48.284 47.821C117.22 448 288 448 288 448s170.78 0 213.371-11.486c23.497-6.321 42.003-24.171 48.284-47.821 11.412-42.867 11.412-132.305 11.412-132.305s0-89.438-11.412-132.305zm-317.51 213.508V175.185l142.739 81.205-142.739 81.201z\" class=\"\"><\/path><\/svg>                    <\/div>\n                                <span class=\"sby_loader sby_hidden\" style=\"background-color: rgb(255, 255, 255);\"><\/span>\n            <\/a>\n\n                    <\/div>\n    <\/div>\n<\/div><div class=\"sby_item  sby_new sby_transition\" id=\"sby_VVUtNTFnYkF4VFNLaXUwWXlCYUFJV0x3LmNkTlBoakFXR1R3\" data-date=\"1695190420\" data-video-id=\"cdNPhjAWGTw\">\n    <div class=\"sby_inner_item\">\n        <div class=\"sby_video_thumbnail_wrap sby_item_video_thumbnail_wrap\">\n            <a class=\"sby_video_thumbnail sby_item_video_thumbnail\" href=\"https:\/\/www.youtube.com\/watch?v=cdNPhjAWGTw\" target=\"_blank\" rel=\"noopener\" data-full-res=\"https:\/\/i.ytimg.com\/vi\/cdNPhjAWGTw\/maxresdefault.jpg\" data-img-src-set=\"{&quot;120&quot;:&quot;https:\\\/\\\/i.ytimg.com\\\/vi\\\/cdNPhjAWGTw\\\/default.jpg&quot;,&quot;320&quot;:&quot;https:\\\/\\\/i.ytimg.com\\\/vi\\\/cdNPhjAWGTw\\\/mqdefault.jpg&quot;,&quot;480&quot;:&quot;https:\\\/\\\/i.ytimg.com\\\/vi\\\/cdNPhjAWGTw\\\/hqdefault.jpg&quot;,&quot;640&quot;:&quot;https:\\\/\\\/i.ytimg.com\\\/vi\\\/cdNPhjAWGTw\\\/sddefault.jpg&quot;}\" data-video-id=\"cdNPhjAWGTw\" data-video-title=\"For every step (Dead by April &amp; Tommy K\u00f6rberg), Fr\u00e9d\u00e9ric Billharz\">\n                <img decoding=\"async\" src=\"https:\/\/album-larinascita.ch\/wp-content\/plugins\/feeds-for-youtube\/img\/placeholder.png\" alt=\"For every step\nDead by April and Tommy K\u00f6rberg\nVersion d\u00e9mo\nAudio et vid\u00e9o enregistr\u00e9s s\u00e9par\u00e9ment\n\n\ud83c\udfb6 Swedish Music Discovery \ud83c\uddf8\ud83c\uddea: Excited to share my rendition of &quot;For Every Step&quot; by the Swedish metal band Dead by April, featuring the Swedish legend Tommy K\u00f6rberg. Tommy has a unique voice, an exceptional tone that combines calm and power.\n\n\ud83c\udfa4 Currently, he shares the stage with the talented singer Helen Sj\u00f6holm, whom I also greatly admire. Their duet is simply magical. \ud83c\udf1f\n\n\ud83c\udfb6 My dream? Attending one of their concerts under the musical direction of ABBA member Benny Andersson from the Benny Andersson Band (BAO). It would be an unforgettable musical experience!\n\n#DeadByApril #TommyK\u00f6rberg #sweden  \n\n\ud83c\udfb6 D\u00e9couverte musicale su\u00e9doise \ud83c\uddf8\ud83c\uddea : Je suis ravi de partager ma version du morceau &quot;For Every Step&quot; du groupe su\u00e9dois de m\u00e9tal Dead by April, en collaboration avec la l\u00e9gende su\u00e9doise Tommy K\u00f6rberg. Tommy a une voix unique, un timbre exceptionnel qui allie calme et puissance. \n\n\ud83c\udfa4 Actuellement, il partage la sc\u00e8ne avec la talentueuse chanteuse Helen Sj\u00f6holm, que j&#039;appr\u00e9cie \u00e9galement \u00e9norm\u00e9ment. Leur duo est tout simplement magique. \ud83c\udf1f\n\n\ud83c\udfb6 Mon r\u00eave ? Assister \u00e0 l&#039;un de leurs concerts sous la direction musicale du membre d&#039;ABBA, Benny Andersson, du Benny Andersson Band (BAO). Ce serait une exp\u00e9rience musicale inoubliable !\n\nMerci de partager, liker etc.\n\n\ud83c\udfb5 T\u00e9nor lyrique mais pas que ... \ud83c\udfb6\n\n\ud83c\udf1f Bonjour \u00e0 tous ! Je suis enthousiaste de vous pr\u00e9senter mes interpr\u00e9tations uniques et passionn\u00e9es qui embrassent une large gamme de styles musicaux. En tant que chanteur t\u00e9nor lyrique polyvalent, j&#039;ai une v\u00e9ritable passion pour l&#039;op\u00e9ra, le bel canto, les airs sacr\u00e9s, le crossover, les com\u00e9dies musicales, les chants napolitains, les chansons pop comme celles de Queen, le music-hall et m\u00eame Metallica. \ud83c\udfa4\n\n\ud83d\udd25 Je vais fr\u00e9quemment vous proposer des d\u00e9mos de morceaux exclusifs, vous offrant ainsi une v\u00e9ritable immersion dans la diversit\u00e9 de mes interpr\u00e9tations. Soyez pr\u00eats \u00e0 \u00eatre surpris par les diff\u00e9rentes couleurs de ma voix et aux \u00e9motions que je mets dans mes interpr\u00e9tations. \ud83c\udfb6\n\n\ud83c\udf1f Si vous recherchez un artiste pour accompagner vos \u00e9v\u00e9nements sp\u00e9ciaux tels que mariages, c\u00e9r\u00e9monies, inaugurations, \u00e9v\u00e9nements sportifs ou m\u00eame pour interpr\u00e9ter un hymne national, ne cherchez plus ! Je suis pr\u00eat \u00e0 donner vie \u00e0 vos moments les plus m\u00e9morables. \u2728\n\n\ud83d\udce9 N&#039;h\u00e9sitez pas \u00e0 me contacter et faire de votre \u00e9v\u00e9nement un succ\u00e8s. Je suis \u00e9galement ouvert \u00e0 collaborer avec d\u2019autres musiciens et des producteurs qui souhaitent exploiter mon univers musical. Ensemble, cr\u00e9ons des moments magiques et inoubliables en partageanat nos vibrations et nos \u00e9motions ! \ud83c\udfb6\n\n\ud83d\udc4d\u27a1\ufe0f N&#039;oubliez pas de LIKER, PARTAGER et soutenir mes contenus. Votre soutien compte \u00e9norm\u00e9ment pour moi et m&#039;aidera \u00e0 toucher un public encore plus large. Ensemble, faisons de la musique un langage universel qui rassemble les c\u0153urs et les \u00e2mes ! \u2764\ufe0f\ud83c\udfb5\n\nhttps:\/\/fredericbillharz.com\/evenement\nhttps:\/\/billharz.com\n\nFacebook : https:\/\/facebook.com\/frederic.billharz\nInstagram : https:\/\/instagram.com\/billharzfrederic\nTiktok : https:\/\/www.tiktok.com\/@billharzfrederic\nX :  https:\/\/x.com\/billharz\nSoundcloud : https:\/\/soundcloud.com\/billharzfrederic\nWeb :  https:\/\/fredericbillharz.com\nMail :  contact@fredericbillharz.com\">\n\n                <div class=\"sby_thumbnail_hover sby_item_video_thumbnail_hover\">\n                    <div class=\"sby_thumbnail_hover_inner\">\n                                            <\/div>\n                <\/div>\n\n                                    <div class=\"sby_play_btn\" >\n                        <span class=\"sby_play_btn_bg\"><\/span>\n                        <svg aria-hidden=\"true\" focusable=\"false\" data-prefix=\"fab\" data-icon=\"youtube\" role=\"img\" xmlns=\"http:\/\/www.w3.org\/2000\/svg\" viewBox=\"0 0 576 512\" class=\"svg-inline--fa fa-youtube fa-w-18\"><path fill=\"currentColor\" d=\"M549.655 124.083c-6.281-23.65-24.787-42.276-48.284-48.597C458.781 64 288 64 288 64S117.22 64 74.629 75.486c-23.497 6.322-42.003 24.947-48.284 48.597-11.412 42.867-11.412 132.305-11.412 132.305s0 89.438 11.412 132.305c6.281 23.65 24.787 41.5 48.284 47.821C117.22 448 288 448 288 448s170.78 0 213.371-11.486c23.497-6.321 42.003-24.171 48.284-47.821 11.412-42.867 11.412-132.305 11.412-132.305s0-89.438-11.412-132.305zm-317.51 213.508V175.185l142.739 81.205-142.739 81.201z\" class=\"\"><\/path><\/svg>                    <\/div>\n                                <span class=\"sby_loader sby_hidden\" style=\"background-color: rgb(255, 255, 255);\"><\/span>\n            <\/a>\n\n                    <\/div>\n    <\/div>\n<\/div><div class=\"sby_item  sby_new sby_transition\" id=\"sby_VVUtNTFnYkF4VFNLaXUwWXlCYUFJV0x3LmE3QjJhZ0pERDE4\" data-date=\"1694935319\" data-video-id=\"a7B2agJDD18\">\n    <div class=\"sby_inner_item\">\n        <div class=\"sby_video_thumbnail_wrap sby_item_video_thumbnail_wrap\">\n            <a class=\"sby_video_thumbnail sby_item_video_thumbnail\" href=\"https:\/\/www.youtube.com\/watch?v=a7B2agJDD18\" target=\"_blank\" rel=\"noopener\" data-full-res=\"https:\/\/i.ytimg.com\/vi\/a7B2agJDD18\/maxresdefault.jpg\" data-img-src-set=\"{&quot;120&quot;:&quot;https:\\\/\\\/i.ytimg.com\\\/vi\\\/a7B2agJDD18\\\/default.jpg&quot;,&quot;320&quot;:&quot;https:\\\/\\\/i.ytimg.com\\\/vi\\\/a7B2agJDD18\\\/mqdefault.jpg&quot;,&quot;480&quot;:&quot;https:\\\/\\\/i.ytimg.com\\\/vi\\\/a7B2agJDD18\\\/hqdefault.jpg&quot;,&quot;640&quot;:&quot;https:\\\/\\\/i.ytimg.com\\\/vi\\\/a7B2agJDD18\\\/sddefault.jpg&quot;}\" data-video-id=\"a7B2agJDD18\" data-video-title=\"Corsica (Petru Guelfucci, Patrick Fiori &amp; Patrick Bruel), Fr\u00e9d\u00e9ric Billharz\">\n                <img decoding=\"async\" src=\"https:\/\/album-larinascita.ch\/wp-content\/plugins\/feeds-for-youtube\/img\/placeholder.png\" alt=\"Corsica\nPetru Guelfucci\nPatrick Fiori\nPatrick Bruel\nVersion d\u00e9mo\nAudio et vid\u00e9o enregistr\u00e9s s\u00e9par\u00e9ment\n\nMerci de partager, liker etc.\n\n\ud83c\udfb5 T\u00e9nor lyrique mais pas que ... \ud83c\udfb6\n\n\ud83c\udf1f Bonjour \u00e0 tous ! Je suis enthousiaste de vous pr\u00e9senter mes interpr\u00e9tations uniques et passionn\u00e9es qui embrassent une large gamme de styles musicaux. En tant que chanteur t\u00e9nor lyrique polyvalent, j&#039;ai une v\u00e9ritable passion pour l&#039;op\u00e9ra, le bel canto, les airs sacr\u00e9s, le crossover, les com\u00e9dies musicales, les chants napolitains, les chansons pop comme celles de Queen, le music-hall et m\u00eame Metallica. \ud83c\udfa4\n\n\ud83d\udd25 Je vais fr\u00e9quemment vous proposer des d\u00e9mos de morceaux exclusifs, vous offrant ainsi une v\u00e9ritable immersion dans la diversit\u00e9 de mes interpr\u00e9tations. Soyez pr\u00eats \u00e0 \u00eatre surpris par les diff\u00e9rentes couleurs de ma voix et aux \u00e9motions que je mets dans mes interpr\u00e9tations. \ud83c\udfb6\n\n\ud83c\udf1f Si vous recherchez un artiste pour accompagner vos \u00e9v\u00e9nements sp\u00e9ciaux tels que mariages, c\u00e9r\u00e9monies, inaugurations, \u00e9v\u00e9nements sportifs ou m\u00eame pour interpr\u00e9ter un hymne national, ne cherchez plus ! Je suis pr\u00eat \u00e0 donner vie \u00e0 vos moments les plus m\u00e9morables. \u2728\n\n\ud83d\udce9 N&#039;h\u00e9sitez pas \u00e0 me contacter et faire de votre \u00e9v\u00e9nement un succ\u00e8s. Je suis \u00e9galement ouvert \u00e0 collaborer avec d\u2019autres musiciens et des producteurs qui souhaitent exploiter mon univers musical. Ensemble, cr\u00e9ons des moments magiques et inoubliables en partageanat nos vibrations et nos \u00e9motions ! \ud83c\udfb6\n\n\ud83d\udc4d\u27a1\ufe0f N&#039;oubliez pas de LIKER, PARTAGER et soutenir mes contenus. Votre soutien compte \u00e9norm\u00e9ment pour moi et m&#039;aidera \u00e0 toucher un public encore plus large. Ensemble, faisons de la musique un langage universel qui rassemble les c\u0153urs et les \u00e2mes ! \u2764\ufe0f\ud83c\udfb5\n\nhttps:\/\/fredericbillharz.com\/evenement\nhttps:\/\/billharz.com\n\nFacebook : https:\/\/facebook.com\/frederic.billharz\nInstagram : https:\/\/instagram.com\/billharzfrederic\nTiktok : https:\/\/www.tiktok.com\/@billharzfrederic\nX :  https:\/\/x.com\/billharz\nSoundcloud : https:\/\/soundcloud.com\/billharzfrederic\nWeb :  https:\/\/fredericbillharz.com\nMail :  contact@fredericbillharz.com\n\n#corsica \n#petruguelfucci\n#patrickfiori\">\n\n                <div class=\"sby_thumbnail_hover sby_item_video_thumbnail_hover\">\n                    <div class=\"sby_thumbnail_hover_inner\">\n                                            <\/div>\n                <\/div>\n\n                                    <div class=\"sby_play_btn\" >\n                        <span class=\"sby_play_btn_bg\"><\/span>\n                        <svg aria-hidden=\"true\" focusable=\"false\" data-prefix=\"fab\" data-icon=\"youtube\" role=\"img\" xmlns=\"http:\/\/www.w3.org\/2000\/svg\" viewBox=\"0 0 576 512\" class=\"svg-inline--fa fa-youtube fa-w-18\"><path fill=\"currentColor\" d=\"M549.655 124.083c-6.281-23.65-24.787-42.276-48.284-48.597C458.781 64 288 64 288 64S117.22 64 74.629 75.486c-23.497 6.322-42.003 24.947-48.284 48.597-11.412 42.867-11.412 132.305-11.412 132.305s0 89.438 11.412 132.305c6.281 23.65 24.787 41.5 48.284 47.821C117.22 448 288 448 288 448s170.78 0 213.371-11.486c23.497-6.321 42.003-24.171 48.284-47.821 11.412-42.867 11.412-132.305 11.412-132.305s0-89.438-11.412-132.305zm-317.51 213.508V175.185l142.739 81.205-142.739 81.201z\" class=\"\"><\/path><\/svg>                    <\/div>\n                                <span class=\"sby_loader sby_hidden\" style=\"background-color: rgb(255, 255, 255);\"><\/span>\n            <\/a>\n\n                    <\/div>\n    <\/div>\n<\/div><div class=\"sby_item  sby_new sby_transition\" id=\"sby_VVUtNTFnYkF4VFNLaXUwWXlCYUFJV0x3LlRUaDFLZ0R3Vldv\" data-date=\"1694619299\" data-video-id=\"TTh1KgDwVWo\">\n    <div class=\"sby_inner_item\">\n        <div class=\"sby_video_thumbnail_wrap sby_item_video_thumbnail_wrap\">\n            <a class=\"sby_video_thumbnail sby_item_video_thumbnail\" href=\"https:\/\/www.youtube.com\/watch?v=TTh1KgDwVWo\" target=\"_blank\" rel=\"noopener\" data-full-res=\"https:\/\/i.ytimg.com\/vi\/TTh1KgDwVWo\/maxresdefault.jpg\" data-img-src-set=\"{&quot;120&quot;:&quot;https:\\\/\\\/i.ytimg.com\\\/vi\\\/TTh1KgDwVWo\\\/default.jpg&quot;,&quot;320&quot;:&quot;https:\\\/\\\/i.ytimg.com\\\/vi\\\/TTh1KgDwVWo\\\/mqdefault.jpg&quot;,&quot;480&quot;:&quot;https:\\\/\\\/i.ytimg.com\\\/vi\\\/TTh1KgDwVWo\\\/hqdefault.jpg&quot;,&quot;640&quot;:&quot;https:\\\/\\\/i.ytimg.com\\\/vi\\\/TTh1KgDwVWo\\\/sddefault.jpg&quot;}\" data-video-id=\"TTh1KgDwVWo\" data-video-title=\"Honesty (Billy Joel), Fr\u00e9d\u00e9ric Billharz\">\n                <img decoding=\"async\" src=\"https:\/\/album-larinascita.ch\/wp-content\/plugins\/feeds-for-youtube\/img\/placeholder.png\" alt=\"Honesty\nBilly Joel\nVersion d\u00e9mo\nAudio et vid\u00e9o enregistr\u00e9s s\u00e9par\u00e9ment\n\nMerci de partager, liker etc.\n\n\ud83c\udfb5 T\u00e9nor lyrique mais pas que ... \ud83c\udfb6\n\n\ud83c\udf1f Bonjour \u00e0 tous ! Je suis enthousiaste de vous pr\u00e9senter mes interpr\u00e9tations uniques et passionn\u00e9es qui embrassent une large gamme de styles musicaux. En tant que chanteur t\u00e9nor lyrique polyvalent, j&#039;ai une v\u00e9ritable passion pour l&#039;op\u00e9ra, le bel canto, les airs sacr\u00e9s, le crossover, les com\u00e9dies musicales, les chants napolitains, les chansons pop comme celles de Queen, le music-hall et m\u00eame Metallica. \ud83c\udfa4\n\n\ud83d\udd25 Je vais fr\u00e9quemment vous proposer des d\u00e9mos de morceaux exclusifs, vous offrant ainsi une v\u00e9ritable immersion dans la diversit\u00e9 de mes interpr\u00e9tations. Soyez pr\u00eats \u00e0 \u00eatre surpris par les diff\u00e9rentes couleurs de ma voix et aux \u00e9motions que je mets dans mes interpr\u00e9tations. \ud83c\udfb6\n\n\ud83c\udf1f Si vous recherchez un artiste pour accompagner vos \u00e9v\u00e9nements sp\u00e9ciaux tels que mariages, c\u00e9r\u00e9monies, inaugurations, \u00e9v\u00e9nements sportifs ou m\u00eame pour interpr\u00e9ter un hymne national, ne cherchez plus ! Je suis pr\u00eat \u00e0 donner vie \u00e0 vos moments les plus m\u00e9morables. \u2728\n\n\ud83d\udce9 N&#039;h\u00e9sitez pas \u00e0 me contacter et faire de votre \u00e9v\u00e9nement un succ\u00e8s. Je suis \u00e9galement ouvert \u00e0 collaborer avec d\u2019autres musiciens et des producteurs qui souhaitent exploiter mon univers musical. Ensemble, cr\u00e9ons des moments magiques et inoubliables en partageanat nos vibrations et nos \u00e9motions ! \ud83c\udfb6\n\n\ud83d\udc4d\u27a1\ufe0f N&#039;oubliez pas de LIKER, PARTAGER et soutenir mes contenus. Votre soutien compte \u00e9norm\u00e9ment pour moi et m&#039;aidera \u00e0 toucher un public encore plus large. Ensemble, faisons de la musique un langage universel qui rassemble les c\u0153urs et les \u00e2mes ! \u2764\ufe0f\ud83c\udfb5\n\nhttps:\/\/fredericbillharz.com\/evenement\nhttps:\/\/billharz.com\n\nFacebook : https:\/\/facebook.com\/frederic.billharz\nInstagram : https:\/\/instagram.com\/billharzfrederic\nTiktok : https:\/\/www.tiktok.com\/@billharzfrederic\nX :  https:\/\/x.com\/billharz\nSoundcloud : https:\/\/soundcloud.com\/billharzfrederic\nWeb :  https:\/\/fredericbillharz.com\nMail :  contact@fredericbillharz.com\n\n#honesty\n#billyjoel \n#chanteurtenorPolyvalent\">\n\n                <div class=\"sby_thumbnail_hover sby_item_video_thumbnail_hover\">\n                    <div class=\"sby_thumbnail_hover_inner\">\n                                            <\/div>\n                <\/div>\n\n                                    <div class=\"sby_play_btn\" >\n                        <span class=\"sby_play_btn_bg\"><\/span>\n                        <svg aria-hidden=\"true\" focusable=\"false\" data-prefix=\"fab\" data-icon=\"youtube\" role=\"img\" xmlns=\"http:\/\/www.w3.org\/2000\/svg\" viewBox=\"0 0 576 512\" class=\"svg-inline--fa fa-youtube fa-w-18\"><path fill=\"currentColor\" d=\"M549.655 124.083c-6.281-23.65-24.787-42.276-48.284-48.597C458.781 64 288 64 288 64S117.22 64 74.629 75.486c-23.497 6.322-42.003 24.947-48.284 48.597-11.412 42.867-11.412 132.305-11.412 132.305s0 89.438 11.412 132.305c6.281 23.65 24.787 41.5 48.284 47.821C117.22 448 288 448 288 448s170.78 0 213.371-11.486c23.497-6.321 42.003-24.171 48.284-47.821 11.412-42.867 11.412-132.305 11.412-132.305s0-89.438-11.412-132.305zm-317.51 213.508V175.185l142.739 81.205-142.739 81.201z\" class=\"\"><\/path><\/svg>                    <\/div>\n                                <span class=\"sby_loader sby_hidden\" style=\"background-color: rgb(255, 255, 255);\"><\/span>\n            <\/a>\n\n                    <\/div>\n    <\/div>\n<\/div><div class=\"sby_item  sby_new sby_transition\" id=\"sby_VVUtNTFnYkF4VFNLaXUwWXlCYUFJV0x3LmNVcks3cnNkVWdj\" data-date=\"1694077015\" data-video-id=\"cUrK7rsdUgc\">\n    <div class=\"sby_inner_item\">\n        <div class=\"sby_video_thumbnail_wrap sby_item_video_thumbnail_wrap\">\n            <a class=\"sby_video_thumbnail sby_item_video_thumbnail\" href=\"https:\/\/www.youtube.com\/watch?v=cUrK7rsdUgc\" target=\"_blank\" rel=\"noopener\" data-full-res=\"https:\/\/i.ytimg.com\/vi\/cUrK7rsdUgc\/maxresdefault.jpg\" data-img-src-set=\"{&quot;120&quot;:&quot;https:\\\/\\\/i.ytimg.com\\\/vi\\\/cUrK7rsdUgc\\\/default.jpg&quot;,&quot;320&quot;:&quot;https:\\\/\\\/i.ytimg.com\\\/vi\\\/cUrK7rsdUgc\\\/mqdefault.jpg&quot;,&quot;480&quot;:&quot;https:\\\/\\\/i.ytimg.com\\\/vi\\\/cUrK7rsdUgc\\\/hqdefault.jpg&quot;,&quot;640&quot;:&quot;https:\\\/\\\/i.ytimg.com\\\/vi\\\/cUrK7rsdUgc\\\/sddefault.jpg&quot;}\" data-video-id=\"cUrK7rsdUgc\" data-video-title=\"Bella ciao (La Casa de Papel), Fr\u00e9d\u00e9ric Billharz\">\n                <img decoding=\"async\" src=\"https:\/\/album-larinascita.ch\/wp-content\/plugins\/feeds-for-youtube\/img\/placeholder.png\" alt=\"Bella ciao\nLa Casa de Papel\nVersion d\u00e9mo\nAudio et vid\u00e9o enregistr\u00e9s s\u00e9par\u00e9ment\n\nMerci de partager, liker etc.\n\n\ud83c\udfb5 T\u00e9nor lyrique mais pas que ... \ud83c\udfb6\n\n\ud83c\udf1f Bonjour \u00e0 tous ! Je suis enthousiaste de vous pr\u00e9senter mes interpr\u00e9tations uniques et passionn\u00e9es qui embrassent une large gamme de styles musicaux. En tant que chanteur t\u00e9nor lyrique polyvalent, j&#039;ai une v\u00e9ritable passion pour l&#039;op\u00e9ra, le bel canto, les airs sacr\u00e9s, le crossover, les com\u00e9dies musicales, les chants napolitains, les chansons pop comme celles de Queen, le music-hall et m\u00eame Metallica. \ud83c\udfa4\n\n\ud83d\udd25 Je vais fr\u00e9quemment vous proposer des d\u00e9mos de morceaux exclusifs, vous offrant ainsi une v\u00e9ritable immersion dans la diversit\u00e9 de mes interpr\u00e9tations. Soyez pr\u00eats \u00e0 \u00eatre surpris par les diff\u00e9rentes couleurs de ma voix et aux \u00e9motions que je mets dans mes interpr\u00e9tations. \ud83c\udfb6\n\n\ud83c\udf1f Si vous recherchez un artiste pour accompagner vos \u00e9v\u00e9nements sp\u00e9ciaux tels que mariages, c\u00e9r\u00e9monies, inaugurations, \u00e9v\u00e9nements sportifs ou m\u00eame pour interpr\u00e9ter un hymne national, ne cherchez plus ! Je suis pr\u00eat \u00e0 donner vie \u00e0 vos moments les plus m\u00e9morables. \u2728\n\n\ud83d\udce9 N&#039;h\u00e9sitez pas \u00e0 me contacter et faire de votre \u00e9v\u00e9nement un succ\u00e8s. Je suis \u00e9galement ouvert \u00e0 collaborer avec d\u2019autres musiciens et des producteurs qui souhaitent exploiter mon univers musical. Ensemble, cr\u00e9ons des moments magiques et inoubliables en partageanat nos vibrations et nos \u00e9motions ! \ud83c\udfb6\n\n\ud83d\udc4d\u27a1\ufe0f N&#039;oubliez pas de LIKER, PARTAGER et soutenir mes contenus. Votre soutien compte \u00e9norm\u00e9ment pour moi et m&#039;aidera \u00e0 toucher un public encore plus large. Ensemble, faisons de la musique un langage universel qui rassemble les c\u0153urs et les \u00e2mes ! \u2764\ufe0f\ud83c\udfb5\n\nhttps:\/\/fredericbillharz.com\/evenement\nhttps:\/\/billharz.com\n\nFacebook : https:\/\/facebook.com\/frederic.billharz\nInstagram : https:\/\/instagram.com\/billharzfrederic\nTiktok : https:\/\/www.tiktok.com\/@billharzfrederic\nX :  https:\/\/twitter.com\/billharz\nSoundcloud : https:\/\/soundcloud.com\/billharzfrederic\nWeb :  https:\/\/fredericbillharz.com\nMail :  contact@fredericbillharz.com\">\n\n                <div class=\"sby_thumbnail_hover sby_item_video_thumbnail_hover\">\n                    <div class=\"sby_thumbnail_hover_inner\">\n                                            <\/div>\n                <\/div>\n\n                                    <div class=\"sby_play_btn\" >\n                        <span class=\"sby_play_btn_bg\"><\/span>\n                        <svg aria-hidden=\"true\" focusable=\"false\" data-prefix=\"fab\" data-icon=\"youtube\" role=\"img\" xmlns=\"http:\/\/www.w3.org\/2000\/svg\" viewBox=\"0 0 576 512\" class=\"svg-inline--fa fa-youtube fa-w-18\"><path fill=\"currentColor\" d=\"M549.655 124.083c-6.281-23.65-24.787-42.276-48.284-48.597C458.781 64 288 64 288 64S117.22 64 74.629 75.486c-23.497 6.322-42.003 24.947-48.284 48.597-11.412 42.867-11.412 132.305-11.412 132.305s0 89.438 11.412 132.305c6.281 23.65 24.787 41.5 48.284 47.821C117.22 448 288 448 288 448s170.78 0 213.371-11.486c23.497-6.321 42.003-24.171 48.284-47.821 11.412-42.867 11.412-132.305 11.412-132.305s0-89.438-11.412-132.305zm-317.51 213.508V175.185l142.739 81.205-142.739 81.201z\" class=\"\"><\/path><\/svg>                    <\/div>\n                                <span class=\"sby_loader sby_hidden\" style=\"background-color: rgb(255, 255, 255);\"><\/span>\n            <\/a>\n\n                    <\/div>\n    <\/div>\n<\/div><div class=\"sby_item  sby_new sby_transition\" id=\"sby_VVUtNTFnYkF4VFNLaXUwWXlCYUFJV0x3LjRpSTNBYVlRc3dr\" data-date=\"1693494531\" data-video-id=\"4iI3AaYQswk\">\n    <div class=\"sby_inner_item\">\n        <div class=\"sby_video_thumbnail_wrap sby_item_video_thumbnail_wrap\">\n            <a class=\"sby_video_thumbnail sby_item_video_thumbnail\" href=\"https:\/\/www.youtube.com\/watch?v=4iI3AaYQswk\" target=\"_blank\" rel=\"noopener\" data-full-res=\"https:\/\/i.ytimg.com\/vi\/4iI3AaYQswk\/maxresdefault.jpg\" data-img-src-set=\"{&quot;120&quot;:&quot;https:\\\/\\\/i.ytimg.com\\\/vi\\\/4iI3AaYQswk\\\/default.jpg&quot;,&quot;320&quot;:&quot;https:\\\/\\\/i.ytimg.com\\\/vi\\\/4iI3AaYQswk\\\/mqdefault.jpg&quot;,&quot;480&quot;:&quot;https:\\\/\\\/i.ytimg.com\\\/vi\\\/4iI3AaYQswk\\\/hqdefault.jpg&quot;,&quot;640&quot;:&quot;https:\\\/\\\/i.ytimg.com\\\/vi\\\/4iI3AaYQswk\\\/sddefault.jpg&quot;}\" data-video-id=\"4iI3AaYQswk\" data-video-title=\"Angels (Robbie Williams), Fr\u00e9d\u00e9ric Billharz\">\n                <img decoding=\"async\" src=\"https:\/\/album-larinascita.ch\/wp-content\/plugins\/feeds-for-youtube\/img\/placeholder.png\" alt=\"Angels\nRobbie Williams\nVersion d\u00e9mo\nAudio et vid\u00e9o enregistr\u00e9s s\u00e9par\u00e9ment\n\nMerci de partager, liker etc.\n\n\ud83c\udfb5 T\u00e9nor lyrique mais pas que ... \ud83c\udfb6\n\n\ud83c\udf1f Bonjour \u00e0 tous ! Je suis enthousiaste de vous pr\u00e9senter mes interpr\u00e9tations uniques et passionn\u00e9es qui embrassent une large gamme de styles musicaux. En tant que chanteur t\u00e9nor lyrique polyvalent, j&#039;ai une v\u00e9ritable passion pour l&#039;op\u00e9ra, le bel canto, les airs sacr\u00e9s, le crossover, les com\u00e9dies musicales, les chants napolitains, les chansons pop comme celles de Queen, le music-hall et m\u00eame Metallica. \ud83c\udfa4\n\n\ud83d\udd25 Je vais fr\u00e9quemment vous proposer des d\u00e9mos de morceaux exclusifs, vous offrant ainsi une v\u00e9ritable immersion dans la diversit\u00e9 de mes interpr\u00e9tations. Soyez pr\u00eats \u00e0 \u00eatre surpris par les diff\u00e9rentes couleurs de ma voix et aux \u00e9motions que je mets dans mes interpr\u00e9tations. \ud83c\udfb6\n\n\ud83c\udf1f Si vous recherchez un artiste pour accompagner vos \u00e9v\u00e9nements sp\u00e9ciaux tels que mariages, c\u00e9r\u00e9monies, inaugurations, \u00e9v\u00e9nements sportifs ou m\u00eame pour interpr\u00e9ter un hymne national, ne cherchez plus ! Je suis pr\u00eat \u00e0 donner vie \u00e0 vos moments les plus m\u00e9morables. \u2728\n\n\ud83d\udce9 N&#039;h\u00e9sitez pas \u00e0 me contacter et faire de votre \u00e9v\u00e9nement un succ\u00e8s. Je suis \u00e9galement ouvert \u00e0 collaborer avec d\u2019autres musiciens et des producteurs qui souhaitent exploiter mon univers musical. Ensemble, cr\u00e9ons des moments magiques et inoubliables en partageanat nos vibrations et nos \u00e9motions ! \ud83c\udfb6\n\n\ud83d\udc4d\u27a1\ufe0f N&#039;oubliez pas de LIKER, PARTAGER et soutenir mes contenus. Votre soutien compte \u00e9norm\u00e9ment pour moi et m&#039;aidera \u00e0 toucher un public encore plus large. Ensemble, faisons de la musique un langage universel qui rassemble les c\u0153urs et les \u00e2mes ! \u2764\ufe0f\ud83c\udfb5\n\nhttps:\/\/fredericbillharz.com\/evenement\nhttps:\/\/billharz.com\n\nFacebook : https:\/\/facebook.com\/frederic.billharz\nInstagram : https:\/\/instagram.com\/billharzfrederic\nTiktok : https:\/\/www.tiktok.com\/@billharzfrederic\nX :  https:\/\/twitter.com\/billharz\nSoundcloud : https:\/\/soundcloud.com\/billharzfrederic\nWeb :  https:\/\/fredericbillharz.com\nMail :  contact@fredericbillharz.com\n\n#robbiewilliams \n#angels \n#lifethrualens\">\n\n                <div class=\"sby_thumbnail_hover sby_item_video_thumbnail_hover\">\n                    <div class=\"sby_thumbnail_hover_inner\">\n                                            <\/div>\n                <\/div>\n\n                                    <div class=\"sby_play_btn\" >\n                        <span class=\"sby_play_btn_bg\"><\/span>\n                        <svg aria-hidden=\"true\" focusable=\"false\" data-prefix=\"fab\" data-icon=\"youtube\" role=\"img\" xmlns=\"http:\/\/www.w3.org\/2000\/svg\" viewBox=\"0 0 576 512\" class=\"svg-inline--fa fa-youtube fa-w-18\"><path fill=\"currentColor\" d=\"M549.655 124.083c-6.281-23.65-24.787-42.276-48.284-48.597C458.781 64 288 64 288 64S117.22 64 74.629 75.486c-23.497 6.322-42.003 24.947-48.284 48.597-11.412 42.867-11.412 132.305-11.412 132.305s0 89.438 11.412 132.305c6.281 23.65 24.787 41.5 48.284 47.821C117.22 448 288 448 288 448s170.78 0 213.371-11.486c23.497-6.321 42.003-24.171 48.284-47.821 11.412-42.867 11.412-132.305 11.412-132.305s0-89.438-11.412-132.305zm-317.51 213.508V175.185l142.739 81.205-142.739 81.201z\" class=\"\"><\/path><\/svg>                    <\/div>\n                                <span class=\"sby_loader sby_hidden\" style=\"background-color: rgb(255, 255, 255);\"><\/span>\n            <\/a>\n\n                    <\/div>\n    <\/div>\n<\/div><div class=\"sby_item  sby_new sby_transition\" id=\"sby_VVUtNTFnYkF4VFNLaXUwWXlCYUFJV0x3Llp3czhmc2hnU000\" data-date=\"1693381351\" data-video-id=\"Zws8fshgSM4\">\n    <div class=\"sby_inner_item\">\n        <div class=\"sby_video_thumbnail_wrap sby_item_video_thumbnail_wrap\">\n            <a class=\"sby_video_thumbnail sby_item_video_thumbnail\" href=\"https:\/\/www.youtube.com\/watch?v=Zws8fshgSM4\" target=\"_blank\" rel=\"noopener\" data-full-res=\"https:\/\/i.ytimg.com\/vi\/Zws8fshgSM4\/maxresdefault.jpg\" data-img-src-set=\"{&quot;120&quot;:&quot;https:\\\/\\\/i.ytimg.com\\\/vi\\\/Zws8fshgSM4\\\/default.jpg&quot;,&quot;320&quot;:&quot;https:\\\/\\\/i.ytimg.com\\\/vi\\\/Zws8fshgSM4\\\/mqdefault.jpg&quot;,&quot;480&quot;:&quot;https:\\\/\\\/i.ytimg.com\\\/vi\\\/Zws8fshgSM4\\\/hqdefault.jpg&quot;,&quot;640&quot;:&quot;https:\\\/\\\/i.ytimg.com\\\/vi\\\/Zws8fshgSM4\\\/sddefault.jpg&quot;}\" data-video-id=\"Zws8fshgSM4\" data-video-title=\"J&#039;te l&#039;dis quand m\u00eame (Patrick Bruel), Fr\u00e9d\u00e9ric Billharz\">\n                <img decoding=\"async\" src=\"https:\/\/album-larinascita.ch\/wp-content\/plugins\/feeds-for-youtube\/img\/placeholder.png\" alt=\"J&#039;te l&#039;dis quand m\u00eame \nPatrick Bruel\nAlbum : Alors regarde\nVersion d\u00e9mo\nAudio et vid\u00e9o enregistr\u00e9s s\u00e9par\u00e9ment\n\nMerci de partager, liker etc.\n\n\ud83c\udfb5 T\u00e9nor lyrique mais pas que ... \ud83c\udfb6\n\n\ud83c\udf1f Bonjour \u00e0 tous ! Je suis enthousiaste de vous pr\u00e9senter mes interpr\u00e9tations uniques et passionn\u00e9es qui embrassent une large gamme de styles musicaux. En tant que chanteur t\u00e9nor lyrique polyvalent, j&#039;ai une v\u00e9ritable passion pour l&#039;op\u00e9ra, le bel canto, les airs sacr\u00e9s, le crossover, les com\u00e9dies musicales, les chants napolitains, les chansons pop comme celles de Queen, le music-hall et m\u00eame Metallica. \ud83c\udfa4\n\n\ud83d\udd25 Je vais fr\u00e9quemment vous proposer des d\u00e9mos de morceaux exclusifs, vous offrant ainsi une v\u00e9ritable immersion dans la diversit\u00e9 de mes interpr\u00e9tations. Soyez pr\u00eats \u00e0 \u00eatre surpris par les diff\u00e9rentes couleurs de ma voix et aux \u00e9motions que je mets dans mes interpr\u00e9tations. \ud83c\udfb6\n\n\ud83c\udf1f Si vous recherchez un artiste pour accompagner vos \u00e9v\u00e9nements sp\u00e9ciaux tels que mariages, c\u00e9r\u00e9monies, inaugurations, \u00e9v\u00e9nements sportifs ou m\u00eame pour interpr\u00e9ter un hymne national, ne cherchez plus ! Je suis pr\u00eat \u00e0 donner vie \u00e0 vos moments les plus m\u00e9morables. \u2728\n\n\ud83d\udce9 N&#039;h\u00e9sitez pas \u00e0 me contacter et faire de votre \u00e9v\u00e9nement un succ\u00e8s. Je suis \u00e9galement ouvert \u00e0 collaborer avec d\u2019autres musiciens et des producteurs qui souhaitent exploiter mon univers musical. Ensemble, cr\u00e9ons des moments magiques et inoubliables en partageant nos vibrations et nos \u00e9motions ! \ud83c\udfb6\n\n\ud83d\udc4d\u27a1\ufe0f N&#039;oubliez pas de LIKER, PARTAGER et soutenir mes contenus. Votre soutien compte \u00e9norm\u00e9ment pour moi et m&#039;aidera \u00e0 toucher un public encore plus large. Ensemble, faisons de la musique un langage universel qui rassemble les c\u0153urs et les \u00e2mes ! \u2764\ufe0f\ud83c\udfb5\n\nhttps:\/\/fredericbillharz.com\/evenement\nhttps:\/\/billharz.com\n\nFacebook : https:\/\/facebook.com\/frederic.billharz\nInstagram : https:\/\/instagram.com\/billharzfrederic\nTiktok : https:\/\/www.tiktok.com\/@billharzfrederic\nX :  https:\/\/twitter.com\/billharz\nSoundcloud : https:\/\/soundcloud.com\/billharzfrederic\nWeb :  https:\/\/fredericbillharz.com\nMail :  contact@fredericbillharz.com\n\n#jteldisquandmeme\n#patrickbruel \n#alorsregarde\">\n\n                <div class=\"sby_thumbnail_hover sby_item_video_thumbnail_hover\">\n                    <div class=\"sby_thumbnail_hover_inner\">\n                                            <\/div>\n                <\/div>\n\n                                    <div class=\"sby_play_btn\" >\n                        <span class=\"sby_play_btn_bg\"><\/span>\n                        <svg aria-hidden=\"true\" focusable=\"false\" data-prefix=\"fab\" data-icon=\"youtube\" role=\"img\" xmlns=\"http:\/\/www.w3.org\/2000\/svg\" viewBox=\"0 0 576 512\" class=\"svg-inline--fa fa-youtube fa-w-18\"><path fill=\"currentColor\" d=\"M549.655 124.083c-6.281-23.65-24.787-42.276-48.284-48.597C458.781 64 288 64 288 64S117.22 64 74.629 75.486c-23.497 6.322-42.003 24.947-48.284 48.597-11.412 42.867-11.412 132.305-11.412 132.305s0 89.438 11.412 132.305c6.281 23.65 24.787 41.5 48.284 47.821C117.22 448 288 448 288 448s170.78 0 213.371-11.486c23.497-6.321 42.003-24.171 48.284-47.821 11.412-42.867 11.412-132.305 11.412-132.305s0-89.438-11.412-132.305zm-317.51 213.508V175.185l142.739 81.205-142.739 81.201z\" class=\"\"><\/path><\/svg>                    <\/div>\n                                <span class=\"sby_loader sby_hidden\" style=\"background-color: rgb(255, 255, 255);\"><\/span>\n            <\/a>\n\n                    <\/div>\n    <\/div>\n<\/div><div class=\"sby_item  sby_new sby_transition\" id=\"sby_VVUtNTFnYkF4VFNLaXUwWXlCYUFJV0x3Lkl2QjNULXdYQzdJ\" data-date=\"1693125065\" data-video-id=\"IvB3T-wXC7I\">\n    <div class=\"sby_inner_item\">\n        <div class=\"sby_video_thumbnail_wrap sby_item_video_thumbnail_wrap\">\n            <a class=\"sby_video_thumbnail sby_item_video_thumbnail\" href=\"https:\/\/www.youtube.com\/watch?v=IvB3T-wXC7I\" target=\"_blank\" rel=\"noopener\" data-full-res=\"https:\/\/i.ytimg.com\/vi\/IvB3T-wXC7I\/maxresdefault.jpg\" data-img-src-set=\"{&quot;120&quot;:&quot;https:\\\/\\\/i.ytimg.com\\\/vi\\\/IvB3T-wXC7I\\\/default.jpg&quot;,&quot;320&quot;:&quot;https:\\\/\\\/i.ytimg.com\\\/vi\\\/IvB3T-wXC7I\\\/mqdefault.jpg&quot;,&quot;480&quot;:&quot;https:\\\/\\\/i.ytimg.com\\\/vi\\\/IvB3T-wXC7I\\\/hqdefault.jpg&quot;,&quot;640&quot;:&quot;https:\\\/\\\/i.ytimg.com\\\/vi\\\/IvB3T-wXC7I\\\/sddefault.jpg&quot;}\" data-video-id=\"IvB3T-wXC7I\" data-video-title=\"Nous nous reverrons un jour ou l&#039;autre (Charles Aznavour), Fr\u00e9d\u00e9ric Billharz\">\n                <img decoding=\"async\" src=\"https:\/\/album-larinascita.ch\/wp-content\/plugins\/feeds-for-youtube\/img\/placeholder.png\" alt=\"Nous nous reverrons un jour ou l\u2019autre\nCharles Aznavour\nThierry Le Luron\nVersion d\u00e9mo\nAudio et vid\u00e9o enregistr\u00e9s s\u00e9par\u00e9ment\n\nMerci de partager, liker etc.\n\n\ud83c\udfb5 T\u00e9nor lyrique mais pas que ... \ud83c\udfb6\n\n\ud83c\udf1f Bonjour \u00e0 tous ! Je suis enthousiaste de vous pr\u00e9senter mes interpr\u00e9tations uniques et passionn\u00e9es qui embrassent une large gamme de styles musicaux. En tant que chanteur t\u00e9nor lyrique polyvalent, j&#039;ai une v\u00e9ritable passion pour l&#039;op\u00e9ra, le bel canto, les airs sacr\u00e9s, le crossover, les com\u00e9dies musicales, les chants napolitains, les chansons pop comme celles de Queen, le music-hall et m\u00eame Metallica. \ud83c\udfa4\n\n\ud83d\udd25 Je vais fr\u00e9quemment vous proposer des d\u00e9mos de morceaux exclusifs, vous offrant ainsi une v\u00e9ritable immersion dans la diversit\u00e9 de mes interpr\u00e9tations. Soyez pr\u00eats \u00e0 \u00eatre surpris par les diff\u00e9rentes couleurs de ma voix et aux \u00e9motions que je mets dans mes interpr\u00e9tations. \ud83c\udfb6\n\n\ud83c\udf1f Si vous recherchez un artiste pour accompagner vos \u00e9v\u00e9nements sp\u00e9ciaux tels que mariages, c\u00e9r\u00e9monies, inaugurations, \u00e9v\u00e9nements sportifs ou m\u00eame pour interpr\u00e9ter un hymne national, ne cherchez plus ! Je suis pr\u00eat \u00e0 donner vie \u00e0 vos moments les plus m\u00e9morables. \u2728\n\n\ud83d\udce9 N&#039;h\u00e9sitez pas \u00e0 me contacter et faire de votre \u00e9v\u00e9nement un succ\u00e8s. Je suis \u00e9galement ouvert \u00e0 collaborer avec d\u2019autres musiciens et des producteurs qui souhaitent exploiter mon univers musical. Ensemble, cr\u00e9ons des moments magiques et inoubliables en partageant nos vibrations et nos \u00e9motions ! \ud83c\udfb6\n\n\ud83d\udc4d\u27a1\ufe0f N&#039;oubliez pas de LIKER, PARTAGER et soutenir mes contenus. Votre soutien compte \u00e9norm\u00e9ment pour moi et m&#039;aidera \u00e0 toucher un public encore plus large. Ensemble, faisons de la musique un langage universel qui rassemble les c\u0153urs et les \u00e2mes ! \u2764\ufe0f\ud83c\udfb5\n\nhttps:\/\/fredericbillharz.com\/evenement\nhttps:\/\/billharz.com\n\nFacebook : https:\/\/facebook.com\/frederic.billharz\nInstagram : https:\/\/instagram.com\/billharzfrederic\nTiktok : https:\/\/www.tiktok.com\/@billharzfrederic\nX :  https:\/\/twitter.com\/billharz\nSoundcloud : https:\/\/soundcloud.com\/billharzfrederic\nWeb :  https:\/\/fredericbillharz.com\nMail :  contact@fredericbillharz.com\n\n#charlesaznavour\n#thierryleluron\n#nousnousreverronsunjouroulautre\">\n\n                <div class=\"sby_thumbnail_hover sby_item_video_thumbnail_hover\">\n                    <div class=\"sby_thumbnail_hover_inner\">\n                                            <\/div>\n                <\/div>\n\n                                    <div class=\"sby_play_btn\" >\n                        <span class=\"sby_play_btn_bg\"><\/span>\n                        <svg aria-hidden=\"true\" focusable=\"false\" data-prefix=\"fab\" data-icon=\"youtube\" role=\"img\" xmlns=\"http:\/\/www.w3.org\/2000\/svg\" viewBox=\"0 0 576 512\" class=\"svg-inline--fa fa-youtube fa-w-18\"><path fill=\"currentColor\" d=\"M549.655 124.083c-6.281-23.65-24.787-42.276-48.284-48.597C458.781 64 288 64 288 64S117.22 64 74.629 75.486c-23.497 6.322-42.003 24.947-48.284 48.597-11.412 42.867-11.412 132.305-11.412 132.305s0 89.438 11.412 132.305c6.281 23.65 24.787 41.5 48.284 47.821C117.22 448 288 448 288 448s170.78 0 213.371-11.486c23.497-6.321 42.003-24.171 48.284-47.821 11.412-42.867 11.412-132.305 11.412-132.305s0-89.438-11.412-132.305zm-317.51 213.508V175.185l142.739 81.205-142.739 81.201z\" class=\"\"><\/path><\/svg>                    <\/div>\n                                <span class=\"sby_loader sby_hidden\" style=\"background-color: rgb(255, 255, 255);\"><\/span>\n            <\/a>\n\n                    <\/div>\n    <\/div>\n<\/div><div class=\"sby_item  sby_new sby_transition\" id=\"sby_VVUtNTFnYkF4VFNLaXUwWXlCYUFJV0x3LnFtcUR1THdrZDZB\" data-date=\"1693032230\" data-video-id=\"qmqDuLwkd6A\">\n    <div class=\"sby_inner_item\">\n        <div class=\"sby_video_thumbnail_wrap sby_item_video_thumbnail_wrap\">\n            <a class=\"sby_video_thumbnail sby_item_video_thumbnail\" href=\"https:\/\/www.youtube.com\/watch?v=qmqDuLwkd6A\" target=\"_blank\" rel=\"noopener\" data-full-res=\"https:\/\/i.ytimg.com\/vi\/qmqDuLwkd6A\/maxresdefault.jpg\" data-img-src-set=\"{&quot;120&quot;:&quot;https:\\\/\\\/i.ytimg.com\\\/vi\\\/qmqDuLwkd6A\\\/default.jpg&quot;,&quot;320&quot;:&quot;https:\\\/\\\/i.ytimg.com\\\/vi\\\/qmqDuLwkd6A\\\/mqdefault.jpg&quot;,&quot;480&quot;:&quot;https:\\\/\\\/i.ytimg.com\\\/vi\\\/qmqDuLwkd6A\\\/hqdefault.jpg&quot;,&quot;640&quot;:&quot;https:\\\/\\\/i.ytimg.com\\\/vi\\\/qmqDuLwkd6A\\\/sddefault.jpg&quot;}\" data-video-id=\"qmqDuLwkd6A\" data-video-title=\"If I can dream (Elvis Presley), Fr\u00e9d\u00e9ric Billharz\">\n                <img decoding=\"async\" src=\"https:\/\/album-larinascita.ch\/wp-content\/plugins\/feeds-for-youtube\/img\/placeholder.png\" alt=\"If I can dream\nElvis Presley\nVersion d\u00e9mo\nEnregistr\u00e9e en 1 seule prise\n\n\ud83c\udf1f Bonjour \u00e0 tous ! Je suis enthousiaste de vous pr\u00e9senter mes interpr\u00e9tations uniques et passionn\u00e9es qui embrassent une large gamme de styles musicaux. En tant que chanteur t\u00e9nor lyrique polyvalent, j&#039;ai une v\u00e9ritable passion pour l&#039;op\u00e9ra, le bel canto, les airs sacr\u00e9s, le crossover, les com\u00e9dies musicales, les chants napolitains, les chansons pop comme celles de Queen, le music-hall et m\u00eame Metallica. \ud83c\udfa4\n\n\ud83d\udd25 Je vais fr\u00e9quemment vous proposer des d\u00e9mos de morceaux exclusifs, vous offrant ainsi une v\u00e9ritable immersion dans la diversit\u00e9 de mes interpr\u00e9tations. Soyez pr\u00eats \u00e0 \u00eatre surpris par les diff\u00e9rentes couleurs de ma voix et aux \u00e9motions que je mets dans mes interpr\u00e9tations. \ud83c\udfb6\n\n\ud83c\udf1f Si vous recherchez un artiste pour accompagner vos \u00e9v\u00e9nements sp\u00e9ciaux tels que mariages, c\u00e9r\u00e9monies, inaugurations, \u00e9v\u00e9nements sportifs ou m\u00eame pour interpr\u00e9ter un hymne national, ne cherchez plus ! Je suis pr\u00eat \u00e0 donner vie \u00e0 vos moments les plus m\u00e9morables. \u2728\n\n\ud83d\udce9 N&#039;h\u00e9sitez pas \u00e0 me contacter et faire de votre \u00e9v\u00e9nement un succ\u00e8s. Je suis \u00e9galement ouvert \u00e0 collaborer avec d\u2019autres musiciens et des producteurs qui souhaitent exploiter mon univers musical. Ensemble, cr\u00e9ons des moments magiques et inoubliables en partageant nos vibrations et nos \u00e9motions ! \ud83c\udfb6\n\n\ud83d\udc4d\u27a1\ufe0f N&#039;oubliez pas de LIKER, PARTAGER et soutenir mes contenus. Votre soutien compte \u00e9norm\u00e9ment pour moi et m&#039;aidera \u00e0 toucher un public encore plus large. Ensemble, faisons de la musique un langage universel qui rassemble les c\u0153urs et les \u00e2mes ! \u2764\ufe0f\ud83c\udfb5\n\nhttps:\/\/fredericbillharz.com\/evenement\nhttps:\/\/billharz.com\n\nFacebook : https:\/\/facebook.com\/frederic.billharz\nInstagram : https:\/\/instagram.com\/billharzfrederic\nTiktok : https:\/\/www.tiktok.com\/@billharzfrederic\nX :  https:\/\/twitter.com\/billharz\nSoundcloud : https:\/\/soundcloud.com\/billharzfrederic\nWeb :  https:\/\/fredericbillharz.com\nMail :  contact@fredericbillharz.com\n\n#ificandream  #elvispresley #elvis\">\n\n                <div class=\"sby_thumbnail_hover sby_item_video_thumbnail_hover\">\n                    <div class=\"sby_thumbnail_hover_inner\">\n                                            <\/div>\n                <\/div>\n\n                                    <div class=\"sby_play_btn\" >\n                        <span class=\"sby_play_btn_bg\"><\/span>\n                        <svg aria-hidden=\"true\" focusable=\"false\" data-prefix=\"fab\" data-icon=\"youtube\" role=\"img\" xmlns=\"http:\/\/www.w3.org\/2000\/svg\" viewBox=\"0 0 576 512\" class=\"svg-inline--fa fa-youtube fa-w-18\"><path fill=\"currentColor\" d=\"M549.655 124.083c-6.281-23.65-24.787-42.276-48.284-48.597C458.781 64 288 64 288 64S117.22 64 74.629 75.486c-23.497 6.322-42.003 24.947-48.284 48.597-11.412 42.867-11.412 132.305-11.412 132.305s0 89.438 11.412 132.305c6.281 23.65 24.787 41.5 48.284 47.821C117.22 448 288 448 288 448s170.78 0 213.371-11.486c23.497-6.321 42.003-24.171 48.284-47.821 11.412-42.867 11.412-132.305 11.412-132.305s0-89.438-11.412-132.305zm-317.51 213.508V175.185l142.739 81.205-142.739 81.201z\" class=\"\"><\/path><\/svg>                    <\/div>\n                                <span class=\"sby_loader sby_hidden\" style=\"background-color: rgb(255, 255, 255);\"><\/span>\n            <\/a>\n\n                    <\/div>\n    <\/div>\n<\/div><div class=\"sby_item  sby_new sby_transition\" id=\"sby_VVUtNTFnYkF4VFNLaXUwWXlCYUFJV0x3LlA3b2pta3lyVjYw\" data-date=\"1692888656\" data-video-id=\"P7ojmkyrV60\">\n    <div class=\"sby_inner_item\">\n        <div class=\"sby_video_thumbnail_wrap sby_item_video_thumbnail_wrap\">\n            <a class=\"sby_video_thumbnail sby_item_video_thumbnail\" href=\"https:\/\/www.youtube.com\/watch?v=P7ojmkyrV60\" target=\"_blank\" rel=\"noopener\" data-full-res=\"https:\/\/i.ytimg.com\/vi\/P7ojmkyrV60\/maxresdefault.jpg\" data-img-src-set=\"{&quot;120&quot;:&quot;https:\\\/\\\/i.ytimg.com\\\/vi\\\/P7ojmkyrV60\\\/default.jpg&quot;,&quot;320&quot;:&quot;https:\\\/\\\/i.ytimg.com\\\/vi\\\/P7ojmkyrV60\\\/mqdefault.jpg&quot;,&quot;480&quot;:&quot;https:\\\/\\\/i.ytimg.com\\\/vi\\\/P7ojmkyrV60\\\/hqdefault.jpg&quot;,&quot;640&quot;:&quot;https:\\\/\\\/i.ytimg.com\\\/vi\\\/P7ojmkyrV60\\\/sddefault.jpg&quot;}\" data-video-id=\"P7ojmkyrV60\" data-video-title=\"L&#039;italiano, tribute to Toto Cutugno, Fr\u00e9d\u00e9ric Billharz\">\n                <img decoding=\"async\" src=\"https:\/\/album-larinascita.ch\/wp-content\/plugins\/feeds-for-youtube\/img\/placeholder.png\" alt=\"Fr\u00e9d\u00e9ric Billharz canta &quot;L&#039;italiano&quot; in omaggio a Toto Cutugno.\nFr\u00e9d\u00e9ric BILLHARZ sings &quot;L&#039;&#039;italiano&quot; in tribute to Toto Cutugno.\nFr\u00e9d\u00e9ric BILLHARZ chante &quot;L&#039;&#039;italiano&quot; en hommage \u00e0 Toto Cutugno.\n\n \ud83c\udf1f Si vous recherchez un artiste pour accompagner vos \u00e9v\u00e9nements sp\u00e9ciaux tels que mariages, c\u00e9r\u00e9monies, inaugurations, \u00e9v\u00e9nements sportifs ou m\u00eame pour interpr\u00e9ter un hymne national, ne cherchez plus ! Je suis pr\u00eat \u00e0 donner vie \u00e0 vos moments les plus m\u00e9morables. \u2728\n\n\ud83d\udce9 N&#039;h\u00e9sitez pas \u00e0 me contacter et faire de votre \u00e9v\u00e9nement un succ\u00e8s. Je suis \u00e9galement ouvert \u00e0 collaborer avec d\u2019autres musiciens et des producteurs qui souhaitent exploiter mon univers musical. Ensemble, cr\u00e9ons des moments magiques et inoubliables en partageant nos vibrations et nos \u00e9motions ! \ud83c\udfb6\n\n\ud83d\udc4d\u27a1\ufe0f N&#039;oubliez pas de LIKER, PARTAGER et soutenir mes contenus. Votre soutien compte \u00e9norm\u00e9ment pour moi et m&#039;aidera \u00e0 toucher un public encore plus large. Ensemble, faisons de la musique un langage universel qui rassemble les c\u0153urs et les \u00e2mes ! \u2764\ufe0f\ud83c\udfb5\n\nhttps:\/\/fredericbillharz.com\/evenement\nhttps:\/\/billharz.com\n\nFacebook : https:\/\/facebook.com\/frederic.billharz\nInstagram : https:\/\/instagram.com\/billharzfrederic\nTiktok : https:\/\/www.tiktok.com\/@billharzfrederic\nX :  https:\/\/twitter.com\/billharz\nSoundcloud : https:\/\/soundcloud.com\/billharzfrederic\nWeb :  https:\/\/fredericbillharz.com\nMail :  contact@fredericbillharz.com\n\n#litaliano  #totocotugno #eurovision\">\n\n                <div class=\"sby_thumbnail_hover sby_item_video_thumbnail_hover\">\n                    <div class=\"sby_thumbnail_hover_inner\">\n                                            <\/div>\n                <\/div>\n\n                                    <div class=\"sby_play_btn\" >\n                        <span class=\"sby_play_btn_bg\"><\/span>\n                        <svg aria-hidden=\"true\" focusable=\"false\" data-prefix=\"fab\" data-icon=\"youtube\" role=\"img\" xmlns=\"http:\/\/www.w3.org\/2000\/svg\" viewBox=\"0 0 576 512\" class=\"svg-inline--fa fa-youtube fa-w-18\"><path fill=\"currentColor\" d=\"M549.655 124.083c-6.281-23.65-24.787-42.276-48.284-48.597C458.781 64 288 64 288 64S117.22 64 74.629 75.486c-23.497 6.322-42.003 24.947-48.284 48.597-11.412 42.867-11.412 132.305-11.412 132.305s0 89.438 11.412 132.305c6.281 23.65 24.787 41.5 48.284 47.821C117.22 448 288 448 288 448s170.78 0 213.371-11.486c23.497-6.321 42.003-24.171 48.284-47.821 11.412-42.867 11.412-132.305 11.412-132.305s0-89.438-11.412-132.305zm-317.51 213.508V175.185l142.739 81.205-142.739 81.201z\" class=\"\"><\/path><\/svg>                    <\/div>\n                                <span class=\"sby_loader sby_hidden\" style=\"background-color: rgb(255, 255, 255);\"><\/span>\n            <\/a>\n\n                    <\/div>\n    <\/div>\n<\/div><div class=\"sby_item  sby_new sby_transition\" id=\"sby_VVUtNTFnYkF4VFNLaXUwWXlCYUFJV0x3LkJRalFobEZTV1ZZ\" data-date=\"1692433177\" data-video-id=\"BQjQhlFSWVY\">\n    <div class=\"sby_inner_item\">\n        <div class=\"sby_video_thumbnail_wrap sby_item_video_thumbnail_wrap\">\n            <a class=\"sby_video_thumbnail sby_item_video_thumbnail\" href=\"https:\/\/www.youtube.com\/watch?v=BQjQhlFSWVY\" target=\"_blank\" rel=\"noopener\" data-full-res=\"https:\/\/i.ytimg.com\/vi\/BQjQhlFSWVY\/maxresdefault.jpg\" data-img-src-set=\"{&quot;120&quot;:&quot;https:\\\/\\\/i.ytimg.com\\\/vi\\\/BQjQhlFSWVY\\\/default.jpg&quot;,&quot;320&quot;:&quot;https:\\\/\\\/i.ytimg.com\\\/vi\\\/BQjQhlFSWVY\\\/mqdefault.jpg&quot;,&quot;480&quot;:&quot;https:\\\/\\\/i.ytimg.com\\\/vi\\\/BQjQhlFSWVY\\\/hqdefault.jpg&quot;,&quot;640&quot;:&quot;https:\\\/\\\/i.ytimg.com\\\/vi\\\/BQjQhlFSWVY\\\/sddefault.jpg&quot;}\" data-video-id=\"BQjQhlFSWVY\" data-video-title=\"S&#039;il suffisait d&#039;aimer (C\u00e9line Dion), Fr\u00e9d\u00e9ric Billharz\">\n                <img decoding=\"async\" src=\"https:\/\/album-larinascita.ch\/wp-content\/plugins\/feeds-for-youtube\/img\/placeholder.png\" alt=\"S&#039;il suffisait d&#039;aimer \nC\u00e9line Dion\nVersion de Josh Groban\nVersion d\u00e9mo\nEnregistr\u00e9e en 1 seule prise\n\n\ud83c\udf1f Bonjour \u00e0 tous ! Je suis enthousiaste de vous pr\u00e9senter mes interpr\u00e9tations uniques et passionn\u00e9es qui embrassent une large gamme de styles musicaux. En tant que chanteur t\u00e9nor lyrique polyvalent, j&#039;ai une v\u00e9ritable passion pour l&#039;op\u00e9ra, le bel canto, les airs sacr\u00e9s, le crossover, les com\u00e9dies musicales, les chants napolitains, les chansons pop comme celles de Queen, le music-hall et m\u00eame Metallica. \ud83c\udfa4\n\n\ud83d\udd25 Je vais fr\u00e9quemment vous proposer des d\u00e9mos de morceaux exclusifs, vous offrant ainsi une v\u00e9ritable immersion dans la diversit\u00e9 de mes interpr\u00e9tations. Soyez pr\u00eats \u00e0 \u00eatre surpris par les diff\u00e9rentes couleurs de ma voix et aux \u00e9motions que je mets dans mes interpr\u00e9tations. \ud83c\udfb6\n\n\ud83c\udf1f Si vous recherchez un artiste pour accompagner vos \u00e9v\u00e9nements sp\u00e9ciaux tels que mariages, c\u00e9r\u00e9monies, inaugurations, \u00e9v\u00e9nements sportifs ou m\u00eame pour interpr\u00e9ter un hymne national, ne cherchez plus ! Je suis pr\u00eat \u00e0 donner vie \u00e0 vos moments les plus m\u00e9morables. \u2728\n\n\ud83d\udce9 N&#039;h\u00e9sitez pas \u00e0 me contacter et faire de votre \u00e9v\u00e9nement un succ\u00e8s. Je suis \u00e9galement ouvert \u00e0 collaborer avec d\u2019autres musiciens et des producteurs qui souhaitent exploiter mon univers musical. Ensemble, cr\u00e9ons des moments magiques et inoubliables en partageant nos vibrations et nos \u00e9motions ! \ud83c\udfb6\n\n\ud83d\udc4d\u27a1\ufe0f N&#039;oubliez pas de LIKER, PARTAGER et soutenir mes contenus. Votre soutien compte \u00e9norm\u00e9ment pour moi et m&#039;aidera \u00e0 toucher un public encore plus large. Ensemble, faisons de la musique un langage universel qui rassemble les c\u0153urs et les \u00e2mes ! \u2764\ufe0f\ud83c\udfb5\n\nhttps:\/\/fredericbillharz.com\/evenement\nhttps:\/\/billharz.com\n\nFacebook : https:\/\/facebook.com\/frederic.billharz\nInstagram : https:\/\/instagram.com\/billharzfrederic\nTiktok : https:\/\/www.tiktok.com\/@billharzfrederic\nX :  https:\/\/twitter.com\/billharz\nSoundcloud : https:\/\/soundcloud.com\/billharzfrederic\nWeb :  https:\/\/fredericbillharz.com\nMail :  contact@fredericbillharz.com\n\n#silsuffisaitdaimer #celinedion #joshgroban\">\n\n                <div class=\"sby_thumbnail_hover sby_item_video_thumbnail_hover\">\n                    <div class=\"sby_thumbnail_hover_inner\">\n                                            <\/div>\n                <\/div>\n\n                                    <div class=\"sby_play_btn\" >\n                        <span class=\"sby_play_btn_bg\"><\/span>\n                        <svg aria-hidden=\"true\" focusable=\"false\" data-prefix=\"fab\" data-icon=\"youtube\" role=\"img\" xmlns=\"http:\/\/www.w3.org\/2000\/svg\" viewBox=\"0 0 576 512\" class=\"svg-inline--fa fa-youtube fa-w-18\"><path fill=\"currentColor\" d=\"M549.655 124.083c-6.281-23.65-24.787-42.276-48.284-48.597C458.781 64 288 64 288 64S117.22 64 74.629 75.486c-23.497 6.322-42.003 24.947-48.284 48.597-11.412 42.867-11.412 132.305-11.412 132.305s0 89.438 11.412 132.305c6.281 23.65 24.787 41.5 48.284 47.821C117.22 448 288 448 288 448s170.78 0 213.371-11.486c23.497-6.321 42.003-24.171 48.284-47.821 11.412-42.867 11.412-132.305 11.412-132.305s0-89.438-11.412-132.305zm-317.51 213.508V175.185l142.739 81.205-142.739 81.201z\" class=\"\"><\/path><\/svg>                    <\/div>\n                                <span class=\"sby_loader sby_hidden\" style=\"background-color: rgb(255, 255, 255);\"><\/span>\n            <\/a>\n\n                    <\/div>\n    <\/div>\n<\/div><div class=\"sby_item  sby_new sby_transition\" id=\"sby_VVUtNTFnYkF4VFNLaXUwWXlCYUFJV0x3LmNDT1gxOFJNUmMw\" data-date=\"1692338000\" data-video-id=\"cCOX18RMRc0\">\n    <div class=\"sby_inner_item\">\n        <div class=\"sby_video_thumbnail_wrap sby_item_video_thumbnail_wrap\">\n            <a class=\"sby_video_thumbnail sby_item_video_thumbnail\" href=\"https:\/\/www.youtube.com\/watch?v=cCOX18RMRc0\" target=\"_blank\" rel=\"noopener\" data-full-res=\"https:\/\/i.ytimg.com\/vi\/cCOX18RMRc0\/maxresdefault.jpg\" data-img-src-set=\"{&quot;120&quot;:&quot;https:\\\/\\\/i.ytimg.com\\\/vi\\\/cCOX18RMRc0\\\/default.jpg&quot;,&quot;320&quot;:&quot;https:\\\/\\\/i.ytimg.com\\\/vi\\\/cCOX18RMRc0\\\/mqdefault.jpg&quot;,&quot;480&quot;:&quot;https:\\\/\\\/i.ytimg.com\\\/vi\\\/cCOX18RMRc0\\\/hqdefault.jpg&quot;,&quot;640&quot;:&quot;https:\\\/\\\/i.ytimg.com\\\/vi\\\/cCOX18RMRc0\\\/sddefault.jpg&quot;}\" data-video-id=\"cCOX18RMRc0\" data-video-title=\"L&#039;instinct (Florent Pagny), Fr\u00e9d\u00e9ric Billharz\">\n                <img decoding=\"async\" src=\"https:\/\/album-larinascita.ch\/wp-content\/plugins\/feeds-for-youtube\/img\/placeholder.png\" alt=\"\ud83c\udfb5 T\u00e9nor lyrique mais pas que ... \ud83c\udfb6\n\nQuand on n&#039;a que l&#039;amour\nJacques Brel \nVersion d\u00e9mo\nEnregistr\u00e9e en 1 seule prise\n\n\ud83c\udf1f Bonjour \u00e0 tous ! Je suis enthousiaste de vous pr\u00e9senter mes interpr\u00e9tations uniques et passionn\u00e9es qui embrassent une large gamme de styles musicaux. En tant que chanteur t\u00e9nor lyrique polyvalent, j&#039;ai une v\u00e9ritable passion pour l&#039;op\u00e9ra, le bel canto, les airs sacr\u00e9s, le crossover, les com\u00e9dies musicales, les chants napolitains, les chansons pop comme celles de Queen, le music-hall et m\u00eame Metallica. \ud83c\udfa4\n\n\ud83d\udd25 Je vais fr\u00e9quemment vous proposer des d\u00e9mos de morceaux exclusifs, vous offrant ainsi une v\u00e9ritable immersion dans la diversit\u00e9 de mes interpr\u00e9tations. Soyez pr\u00eats \u00e0 \u00eatre surpris par les diff\u00e9rentes couleurs de ma voix et aux \u00e9motions que je mets dans mes interpr\u00e9tations. \ud83c\udfb6\n\n\ud83c\udf1f Si vous recherchez un artiste pour accompagner vos \u00e9v\u00e9nements sp\u00e9ciaux tels que mariages, c\u00e9r\u00e9monies, inaugurations, \u00e9v\u00e9nements sportifs ou m\u00eame pour interpr\u00e9ter un hymne national, ne cherchez plus ! Je suis pr\u00eat \u00e0 donner vie \u00e0 vos moments les plus m\u00e9morables. \u2728\n\n\ud83d\udce9 N&#039;h\u00e9sitez pas \u00e0 me contacter et faire de votre \u00e9v\u00e9nement un succ\u00e8s. Je suis \u00e9galement ouvert \u00e0 collaborer avec d\u2019autres musiciens et des producteurs qui souhaitent exploiter mon univers musical. Ensemble, cr\u00e9ons des moments magiques et inoubliables en partageant nos vibrations et nos \u00e9motions ! \ud83c\udfb6\n\n\ud83d\udc4d\u27a1\ufe0f N&#039;oubliez pas de LIKER, PARTAGER et soutenir mes contenus. Votre soutien compte \u00e9norm\u00e9ment pour moi et m&#039;aidera \u00e0 toucher un public encore plus large. Ensemble, faisons de la musique un langage universel qui rassemble les c\u0153urs et les \u00e2mes ! \u2764\ufe0f\ud83c\udfb5\n\nhttps:\/\/fredericbillharz.com\/evenement\nhttps:\/\/billharz.com\n\nFacebook : https:\/\/facebook.com\/frederic.billharz\nInstagram : https:\/\/instagram.com\/billharzfrederic\nTiktok : https:\/\/www.tiktok.com\/@billharzfrederic\nX :  https:\/\/twitter.com\/billharz\nSoundcloud : https:\/\/soundcloud.com\/billharzfrederic\nWeb :  https:\/\/fredericbillharz.com\nMail :  contact@fredericbillharz.com\n\n#linstinct #florentpagny   #billharz\">\n\n                <div class=\"sby_thumbnail_hover sby_item_video_thumbnail_hover\">\n                    <div class=\"sby_thumbnail_hover_inner\">\n                                            <\/div>\n                <\/div>\n\n                                    <div class=\"sby_play_btn\" >\n                        <span class=\"sby_play_btn_bg\"><\/span>\n                        <svg aria-hidden=\"true\" focusable=\"false\" data-prefix=\"fab\" data-icon=\"youtube\" role=\"img\" xmlns=\"http:\/\/www.w3.org\/2000\/svg\" viewBox=\"0 0 576 512\" class=\"svg-inline--fa fa-youtube fa-w-18\"><path fill=\"currentColor\" d=\"M549.655 124.083c-6.281-23.65-24.787-42.276-48.284-48.597C458.781 64 288 64 288 64S117.22 64 74.629 75.486c-23.497 6.322-42.003 24.947-48.284 48.597-11.412 42.867-11.412 132.305-11.412 132.305s0 89.438 11.412 132.305c6.281 23.65 24.787 41.5 48.284 47.821C117.22 448 288 448 288 448s170.78 0 213.371-11.486c23.497-6.321 42.003-24.171 48.284-47.821 11.412-42.867 11.412-132.305 11.412-132.305s0-89.438-11.412-132.305zm-317.51 213.508V175.185l142.739 81.205-142.739 81.201z\" class=\"\"><\/path><\/svg>                    <\/div>\n                                <span class=\"sby_loader sby_hidden\" style=\"background-color: rgb(255, 255, 255);\"><\/span>\n            <\/a>\n\n                    <\/div>\n    <\/div>\n<\/div><div class=\"sby_item  sby_new sby_transition\" id=\"sby_VVUtNTFnYkF4VFNLaXUwWXlCYUFJV0x3LndWVkllSFZJOW1R\" data-date=\"1692267986\" data-video-id=\"wVVIeHVI9mQ\">\n    <div class=\"sby_inner_item\">\n        <div class=\"sby_video_thumbnail_wrap sby_item_video_thumbnail_wrap\">\n            <a class=\"sby_video_thumbnail sby_item_video_thumbnail\" href=\"https:\/\/www.youtube.com\/watch?v=wVVIeHVI9mQ\" target=\"_blank\" rel=\"noopener\" data-full-res=\"https:\/\/i.ytimg.com\/vi\/wVVIeHVI9mQ\/maxresdefault.jpg\" data-img-src-set=\"{&quot;120&quot;:&quot;https:\\\/\\\/i.ytimg.com\\\/vi\\\/wVVIeHVI9mQ\\\/default.jpg&quot;,&quot;320&quot;:&quot;https:\\\/\\\/i.ytimg.com\\\/vi\\\/wVVIeHVI9mQ\\\/mqdefault.jpg&quot;,&quot;480&quot;:&quot;https:\\\/\\\/i.ytimg.com\\\/vi\\\/wVVIeHVI9mQ\\\/hqdefault.jpg&quot;,&quot;640&quot;:&quot;https:\\\/\\\/i.ytimg.com\\\/vi\\\/wVVIeHVI9mQ\\\/sddefault.jpg&quot;}\" data-video-id=\"wVVIeHVI9mQ\" data-video-title=\"E lucevan le stelle (Tosca - Puccini) Album &quot;La rinascita&quot;, Fr\u00e9d\u00e9ric Billharz\">\n                <img decoding=\"async\" src=\"https:\/\/album-larinascita.ch\/wp-content\/plugins\/feeds-for-youtube\/img\/placeholder.png\" alt=\"Dans cette vid\u00e9o, Fr\u00e9d\u00e9ric BILLHARZ chante E lucevan le stelle (Tosca).\nIn this video, Fr\u00e9d\u00e9ric BILLHARZ sings E lucevan le stelle (Tosca).\n\nDisponible sur toute les plateformes num\u00e9riques ou en CD\nAvailable on all digital platforms or on CD\nhttps:\/\/fredericbillharz.com\/boutique\n\nFacebook : https:\/\/facebook.com\/billharzfrederic\nInstagram : https:\/\/instagram.com\/billharzfrederic\nTwitter :  https:\/\/twitter.com\/billharz\nTiktok : https:\/\/www.tiktok.com\/@billharzfrederic\nSoundcloud : https:\/\/soundcloud.com\/billharzfrederic\nWeb :  https:\/\/fredericbillharz.com\nMail :  contact@fredericbillharz.com\n\n#elucevanlestelle #tosca #puccini\">\n\n                <div class=\"sby_thumbnail_hover sby_item_video_thumbnail_hover\">\n                    <div class=\"sby_thumbnail_hover_inner\">\n                                            <\/div>\n                <\/div>\n\n                                    <div class=\"sby_play_btn\" >\n                        <span class=\"sby_play_btn_bg\"><\/span>\n                        <svg aria-hidden=\"true\" focusable=\"false\" data-prefix=\"fab\" data-icon=\"youtube\" role=\"img\" xmlns=\"http:\/\/www.w3.org\/2000\/svg\" viewBox=\"0 0 576 512\" class=\"svg-inline--fa fa-youtube fa-w-18\"><path fill=\"currentColor\" d=\"M549.655 124.083c-6.281-23.65-24.787-42.276-48.284-48.597C458.781 64 288 64 288 64S117.22 64 74.629 75.486c-23.497 6.322-42.003 24.947-48.284 48.597-11.412 42.867-11.412 132.305-11.412 132.305s0 89.438 11.412 132.305c6.281 23.65 24.787 41.5 48.284 47.821C117.22 448 288 448 288 448s170.78 0 213.371-11.486c23.497-6.321 42.003-24.171 48.284-47.821 11.412-42.867 11.412-132.305 11.412-132.305s0-89.438-11.412-132.305zm-317.51 213.508V175.185l142.739 81.205-142.739 81.201z\" class=\"\"><\/path><\/svg>                    <\/div>\n                                <span class=\"sby_loader sby_hidden\" style=\"background-color: rgb(255, 255, 255);\"><\/span>\n            <\/a>\n\n                    <\/div>\n    <\/div>\n<\/div><div class=\"sby_item  sby_new sby_transition\" id=\"sby_VVUtNTFnYkF4VFNLaXUwWXlCYUFJV0x3LkdLcXRvVll2SlZj\" data-date=\"1692165055\" data-video-id=\"GKqtoVYvJVc\">\n    <div class=\"sby_inner_item\">\n        <div class=\"sby_video_thumbnail_wrap sby_item_video_thumbnail_wrap\">\n            <a class=\"sby_video_thumbnail sby_item_video_thumbnail\" href=\"https:\/\/www.youtube.com\/watch?v=GKqtoVYvJVc\" target=\"_blank\" rel=\"noopener\" data-full-res=\"https:\/\/i.ytimg.com\/vi\/GKqtoVYvJVc\/maxresdefault.jpg\" data-img-src-set=\"{&quot;120&quot;:&quot;https:\\\/\\\/i.ytimg.com\\\/vi\\\/GKqtoVYvJVc\\\/default.jpg&quot;,&quot;320&quot;:&quot;https:\\\/\\\/i.ytimg.com\\\/vi\\\/GKqtoVYvJVc\\\/mqdefault.jpg&quot;,&quot;480&quot;:&quot;https:\\\/\\\/i.ytimg.com\\\/vi\\\/GKqtoVYvJVc\\\/hqdefault.jpg&quot;,&quot;640&quot;:&quot;https:\\\/\\\/i.ytimg.com\\\/vi\\\/GKqtoVYvJVc\\\/sddefault.jpg&quot;}\" data-video-id=\"GKqtoVYvJVc\" data-video-title=\"Quand on n&#039;a que l&#039;amour (Jacques Brel), Fr\u00e9d\u00e9ric Billharz\">\n                <img decoding=\"async\" src=\"https:\/\/album-larinascita.ch\/wp-content\/plugins\/feeds-for-youtube\/img\/placeholder.png\" alt=\"\ud83c\udfb5 T\u00e9nor lyrique mais pas que ... \ud83c\udfb6\n\nQuand on n&#039;a que l&#039;amour\nJacques Brel \nVersion d\u00e9mo\nEnregistr\u00e9e en 1 seule prise\n\n\ud83c\udf1f Bonjour \u00e0 tous ! Je suis enthousiaste de vous pr\u00e9senter mes interpr\u00e9tations uniques et passionn\u00e9es qui embrassent une large gamme de styles musicaux. En tant que chanteur t\u00e9nor lyrique polyvalent, j&#039;ai une v\u00e9ritable passion pour l&#039;op\u00e9ra, le bel canto, les airs sacr\u00e9s, le crossover, les com\u00e9dies musicales, les chants napolitains, les chansons pop comme celles de Queen, le music-hall et m\u00eame Metallica. \ud83c\udfa4\n\n\ud83d\udd25 Je vais fr\u00e9quemment vous proposer des d\u00e9mos de morceaux exclusifs, vous offrant ainsi une v\u00e9ritable immersion dans la diversit\u00e9 de mes interpr\u00e9tations. Soyez pr\u00eats \u00e0 \u00eatre surpris par les diff\u00e9rentes couleurs de ma voix et aux \u00e9motions que je mets dans mes interpr\u00e9tations. \ud83c\udfb6\n\n\ud83c\udf1f Si vous recherchez un artiste pour accompagner vos \u00e9v\u00e9nements sp\u00e9ciaux tels que mariages, c\u00e9r\u00e9monies, inaugurations, \u00e9v\u00e9nements sportifs ou m\u00eame pour interpr\u00e9ter un hymne national, ne cherchez plus ! Je suis pr\u00eat \u00e0 donner vie \u00e0 vos moments les plus m\u00e9morables. \u2728\n\n\ud83d\udce9 N&#039;h\u00e9sitez pas \u00e0 me contacter et faire de votre \u00e9v\u00e9nement un succ\u00e8s. Je suis \u00e9galement ouvert \u00e0 collaborer avec d\u2019autres musiciens et des producteurs qui souhaitent exploiter mon univers musical. Ensemble, cr\u00e9ons des moments magiques et inoubliables en partageant nos vibrations et nos \u00e9motions ! \ud83c\udfb6\n\n\ud83d\udc4d\u27a1\ufe0f N&#039;oubliez pas de LIKER, PARTAGER et soutenir mes contenus. Votre soutien compte \u00e9norm\u00e9ment pour moi et m&#039;aidera \u00e0 toucher un public encore plus large. Ensemble, faisons de la musique un langage universel qui rassemble les c\u0153urs et les \u00e2mes ! \u2764\ufe0f\ud83c\udfb5\n\nhttps:\/\/fredericbillharz.com\/evenement\nhttps:\/\/billharz.com\n\nFacebook : https:\/\/facebook.com\/frederic.billharz\nInstagram : https:\/\/instagram.com\/billharzfrederic\nTiktok : https:\/\/www.tiktok.com\/@billharzfrederic\nX :  https:\/\/twitter.com\/billharz\nSoundcloud : https:\/\/soundcloud.com\/billharzfrederic\nWeb :  https:\/\/fredericbillharz.com\nMail :  contact@fredericbillharz.com\n\n#quandonnaquelamour #jacquesbrel  #johnnyhallyday\">\n\n                <div class=\"sby_thumbnail_hover sby_item_video_thumbnail_hover\">\n                    <div class=\"sby_thumbnail_hover_inner\">\n                                            <\/div>\n                <\/div>\n\n                                    <div class=\"sby_play_btn\" >\n                        <span class=\"sby_play_btn_bg\"><\/span>\n                        <svg aria-hidden=\"true\" focusable=\"false\" data-prefix=\"fab\" data-icon=\"youtube\" role=\"img\" xmlns=\"http:\/\/www.w3.org\/2000\/svg\" viewBox=\"0 0 576 512\" class=\"svg-inline--fa fa-youtube fa-w-18\"><path fill=\"currentColor\" d=\"M549.655 124.083c-6.281-23.65-24.787-42.276-48.284-48.597C458.781 64 288 64 288 64S117.22 64 74.629 75.486c-23.497 6.322-42.003 24.947-48.284 48.597-11.412 42.867-11.412 132.305-11.412 132.305s0 89.438 11.412 132.305c6.281 23.65 24.787 41.5 48.284 47.821C117.22 448 288 448 288 448s170.78 0 213.371-11.486c23.497-6.321 42.003-24.171 48.284-47.821 11.412-42.867 11.412-132.305 11.412-132.305s0-89.438-11.412-132.305zm-317.51 213.508V175.185l142.739 81.205-142.739 81.201z\" class=\"\"><\/path><\/svg>                    <\/div>\n                                <span class=\"sby_loader sby_hidden\" style=\"background-color: rgb(255, 255, 255);\"><\/span>\n            <\/a>\n\n                    <\/div>\n    <\/div>\n<\/div><div class=\"sby_item  sby_new sby_transition\" id=\"sby_VVUtNTFnYkF4VFNLaXUwWXlCYUFJV0x3LkhkX0hUNUtiUWVZ\" data-date=\"1692030391\" data-video-id=\"Hd_HT5KbQeY\">\n    <div class=\"sby_inner_item\">\n        <div class=\"sby_video_thumbnail_wrap sby_item_video_thumbnail_wrap\">\n            <a class=\"sby_video_thumbnail sby_item_video_thumbnail\" href=\"https:\/\/www.youtube.com\/watch?v=Hd_HT5KbQeY\" target=\"_blank\" rel=\"noopener\" data-full-res=\"https:\/\/i.ytimg.com\/vi\/Hd_HT5KbQeY\/maxresdefault.jpg\" data-img-src-set=\"{&quot;120&quot;:&quot;https:\\\/\\\/i.ytimg.com\\\/vi\\\/Hd_HT5KbQeY\\\/default.jpg&quot;,&quot;320&quot;:&quot;https:\\\/\\\/i.ytimg.com\\\/vi\\\/Hd_HT5KbQeY\\\/mqdefault.jpg&quot;,&quot;480&quot;:&quot;https:\\\/\\\/i.ytimg.com\\\/vi\\\/Hd_HT5KbQeY\\\/hqdefault.jpg&quot;,&quot;640&quot;:&quot;https:\\\/\\\/i.ytimg.com\\\/vi\\\/Hd_HT5KbQeY\\\/sddefault.jpg&quot;}\" data-video-id=\"Hd_HT5KbQeY\" data-video-title=\"Granada, Fr\u00e9d\u00e9ric Billharz\">\n                <img decoding=\"async\" src=\"https:\/\/album-larinascita.ch\/wp-content\/plugins\/feeds-for-youtube\/img\/placeholder.png\" alt=\"\ud83c\udfb5 T\u00e9nor lyrique mais pas que ... \ud83c\udfb6\n\nGranada\nVersion d\u00e9mo\nEnregistr\u00e9e en 1 seule prise\n\n\ud83c\udf1f Bonjour \u00e0 tous ! Je suis enthousiaste de vous pr\u00e9senter mes interpr\u00e9tations uniques et passionn\u00e9es qui embrassent une large gamme de styles musicaux. En tant que chanteur t\u00e9nor lyrique polyvalent, j&#039;ai une v\u00e9ritable passion pour l&#039;op\u00e9ra, le bel canto, les airs sacr\u00e9s, le crossover, les com\u00e9dies musicales, les chants napolitains, les chansons pop comme celles de Queen, le music-hall et m\u00eame Metallica. \ud83c\udfa4\n\n\ud83d\udd25 Je vais fr\u00e9quemment vous proposer des d\u00e9mos de morceaux exclusifs, vous offrant ainsi une v\u00e9ritable immersion dans la diversit\u00e9 de mes interpr\u00e9tations. Soyez pr\u00eats \u00e0 \u00eatre surpris par les diff\u00e9rentes couleurs de ma voix et aux \u00e9motions que je mets dans mes interpr\u00e9tations. \ud83c\udfb6\n\n\ud83c\udf1f Si vous recherchez un artiste pour accompagner vos \u00e9v\u00e9nements sp\u00e9ciaux tels que mariages, c\u00e9r\u00e9monies, inaugurations, \u00e9v\u00e9nements sportifs ou m\u00eame pour interpr\u00e9ter un hymne national, ne cherchez plus ! Je suis pr\u00eat \u00e0 donner vie \u00e0 vos moments les plus m\u00e9morables. \u2728\n\n\ud83d\udce9 N&#039;h\u00e9sitez pas \u00e0 me contacter et faire de votre \u00e9v\u00e9nement un succ\u00e8s. Je suis \u00e9galement ouvert \u00e0 collaborer avec d\u2019autres musiciens et des producteurs qui souhaitent exploiter mon univers musical. Ensemble, cr\u00e9ons des moments magiques et inoubliables en partageant nos vibrations et nos \u00e9motions ! \ud83c\udfb6\n\n\ud83d\udc4d\u27a1\ufe0f N&#039;oubliez pas de LIKER, PARTAGER et soutenir mes contenus. Votre soutien compte \u00e9norm\u00e9ment pour moi et m&#039;aidera \u00e0 toucher un public encore plus large. Ensemble, faisons de la musique un langage universel qui rassemble les c\u0153urs et les \u00e2mes ! \u2764\ufe0f\ud83c\udfb5\n\nhttps:\/\/fredericbillharz.com\/evenement\nhttps:\/\/billharz.com\n\nFacebook : https:\/\/facebook.com\/frederic.billharz\nInstagram : https:\/\/instagram.com\/billharzfrederic\nTiktok : https:\/\/www.tiktok.com\/@billharzfrederic\nX :  https:\/\/twitter.com\/billharz\nSoundcloud : https:\/\/soundcloud.com\/billharzfrederic\nWeb :  https:\/\/fredericbillharz.com\nMail :  contact@fredericbillharz.com\n\n#granada #spain  #pl\u00e1cidodomingo\">\n\n                <div class=\"sby_thumbnail_hover sby_item_video_thumbnail_hover\">\n                    <div class=\"sby_thumbnail_hover_inner\">\n                                            <\/div>\n                <\/div>\n\n                                    <div class=\"sby_play_btn\" >\n                        <span class=\"sby_play_btn_bg\"><\/span>\n                        <svg aria-hidden=\"true\" focusable=\"false\" data-prefix=\"fab\" data-icon=\"youtube\" role=\"img\" xmlns=\"http:\/\/www.w3.org\/2000\/svg\" viewBox=\"0 0 576 512\" class=\"svg-inline--fa fa-youtube fa-w-18\"><path fill=\"currentColor\" d=\"M549.655 124.083c-6.281-23.65-24.787-42.276-48.284-48.597C458.781 64 288 64 288 64S117.22 64 74.629 75.486c-23.497 6.322-42.003 24.947-48.284 48.597-11.412 42.867-11.412 132.305-11.412 132.305s0 89.438 11.412 132.305c6.281 23.65 24.787 41.5 48.284 47.821C117.22 448 288 448 288 448s170.78 0 213.371-11.486c23.497-6.321 42.003-24.171 48.284-47.821 11.412-42.867 11.412-132.305 11.412-132.305s0-89.438-11.412-132.305zm-317.51 213.508V175.185l142.739 81.205-142.739 81.201z\" class=\"\"><\/path><\/svg>                    <\/div>\n                                <span class=\"sby_loader sby_hidden\" style=\"background-color: rgb(255, 255, 255);\"><\/span>\n            <\/a>\n\n                    <\/div>\n    <\/div>\n<\/div><div class=\"sby_item  sby_new sby_transition\" id=\"sby_VVUtNTFnYkF4VFNLaXUwWXlCYUFJV0x3LlNBQ2d6YWRNVHhB\" data-date=\"1692029333\" data-video-id=\"SACgzadMTxA\">\n    <div class=\"sby_inner_item\">\n        <div class=\"sby_video_thumbnail_wrap sby_item_video_thumbnail_wrap\">\n            <a class=\"sby_video_thumbnail sby_item_video_thumbnail\" href=\"https:\/\/www.youtube.com\/watch?v=SACgzadMTxA\" target=\"_blank\" rel=\"noopener\" data-full-res=\"https:\/\/i.ytimg.com\/vi\/SACgzadMTxA\/maxresdefault.jpg\" data-img-src-set=\"{&quot;120&quot;:&quot;https:\\\/\\\/i.ytimg.com\\\/vi\\\/SACgzadMTxA\\\/default.jpg&quot;,&quot;320&quot;:&quot;https:\\\/\\\/i.ytimg.com\\\/vi\\\/SACgzadMTxA\\\/mqdefault.jpg&quot;,&quot;480&quot;:&quot;https:\\\/\\\/i.ytimg.com\\\/vi\\\/SACgzadMTxA\\\/hqdefault.jpg&quot;,&quot;640&quot;:&quot;https:\\\/\\\/i.ytimg.com\\\/vi\\\/SACgzadMTxA\\\/sddefault.jpg&quot;}\" data-video-id=\"SACgzadMTxA\" data-video-title=\"Hymne a\u0300 l&#039;amour (Edith Piaf), Fr\u00e9d\u00e9ric Billharz\">\n                <img decoding=\"async\" src=\"https:\/\/album-larinascita.ch\/wp-content\/plugins\/feeds-for-youtube\/img\/placeholder.png\" alt=\"Hymne a\u0300 l&#039;amour\nVersion d\u00e9mo\nEnregistr\u00e9e en 1 seule prise\n\n\ud83c\udf1f Bonjour \u00e0 tous ! Je suis enthousiaste de vous pr\u00e9senter mes interpr\u00e9tations uniques et passionn\u00e9es qui embrassent une large gamme de styles musicaux. En tant que chanteur t\u00e9nor lyrique polyvalent, j&#039;ai une v\u00e9ritable passion pour l&#039;op\u00e9ra, le bel canto, les airs sacr\u00e9s, le crossover, les com\u00e9dies musicales, les chants napolitains, les chansons pop comme celles de Queen, le music-hall et m\u00eame Metallica. \ud83c\udfa4\n\n\ud83d\udd25 Je vais fr\u00e9quemment vous proposer des d\u00e9mos de morceaux exclusifs, vous offrant ainsi une v\u00e9ritable immersion dans la diversit\u00e9 de mes interpr\u00e9tations. Soyez pr\u00eats \u00e0 \u00eatre surpris par les diff\u00e9rentes couleurs de ma voix et aux \u00e9motions que je mets dans mes interpr\u00e9tations. \ud83c\udfb6\n\n\ud83c\udf1f Si vous recherchez un artiste pour accompagner vos \u00e9v\u00e9nements sp\u00e9ciaux tels que mariages, c\u00e9r\u00e9monies, inaugurations, \u00e9v\u00e9nements sportifs ou m\u00eame pour interpr\u00e9ter un hymne national, ne cherchez plus ! Je suis pr\u00eat \u00e0 donner vie \u00e0 vos moments les plus m\u00e9morables. \u2728\n\n\ud83d\udce9 N&#039;h\u00e9sitez pas \u00e0 me contacter et faire de votre \u00e9v\u00e9nement un succ\u00e8s. Je suis \u00e9galement ouvert \u00e0 collaborer avec d\u2019autres musiciens et des producteurs qui souhaitent exploiter mon univers musical. Ensemble, cr\u00e9ons des moments magiques et inoubliables en partageant nos vibrations et nos \u00e9motions ! \ud83c\udfb6\n\n\ud83d\udc4d\u27a1\ufe0f N&#039;oubliez pas de LIKER, PARTAGER et soutenir mes contenus. Votre soutien compte \u00e9norm\u00e9ment pour moi et m&#039;aidera \u00e0 toucher un public encore plus large. Ensemble, faisons de la musique un langage universel qui rassemble les c\u0153urs et les \u00e2mes ! \u2764\ufe0f\ud83c\udfb5\n\nhttps:\/\/fredericbillharz.com\/evenement\nhttps:\/\/billharz.com\n\nFacebook : https:\/\/facebook.com\/frederic.billharz\nInstagram : https:\/\/instagram.com\/billharzfrederic\nTiktok : https:\/\/www.tiktok.com\/@billharzfrederic\nX :  https:\/\/twitter.com\/billharz\nSoundcloud : https:\/\/soundcloud.com\/billharzfrederic\nWeb :  https:\/\/fredericbillharz.com\nMail :  contact@fredericbillharz.com\n\n#hymnealamour #hymntolove #edithpiaf\">\n\n                <div class=\"sby_thumbnail_hover sby_item_video_thumbnail_hover\">\n                    <div class=\"sby_thumbnail_hover_inner\">\n                                            <\/div>\n                <\/div>\n\n                                    <div class=\"sby_play_btn\" >\n                        <span class=\"sby_play_btn_bg\"><\/span>\n                        <svg aria-hidden=\"true\" focusable=\"false\" data-prefix=\"fab\" data-icon=\"youtube\" role=\"img\" xmlns=\"http:\/\/www.w3.org\/2000\/svg\" viewBox=\"0 0 576 512\" class=\"svg-inline--fa fa-youtube fa-w-18\"><path fill=\"currentColor\" d=\"M549.655 124.083c-6.281-23.65-24.787-42.276-48.284-48.597C458.781 64 288 64 288 64S117.22 64 74.629 75.486c-23.497 6.322-42.003 24.947-48.284 48.597-11.412 42.867-11.412 132.305-11.412 132.305s0 89.438 11.412 132.305c6.281 23.65 24.787 41.5 48.284 47.821C117.22 448 288 448 288 448s170.78 0 213.371-11.486c23.497-6.321 42.003-24.171 48.284-47.821 11.412-42.867 11.412-132.305 11.412-132.305s0-89.438-11.412-132.305zm-317.51 213.508V175.185l142.739 81.205-142.739 81.201z\" class=\"\"><\/path><\/svg>                    <\/div>\n                                <span class=\"sby_loader sby_hidden\" style=\"background-color: rgb(255, 255, 255);\"><\/span>\n            <\/a>\n\n                    <\/div>\n    <\/div>\n<\/div>    <\/div>\n    \n\t<div class=\"sby_footer\">\n\n    <button type=\"button\" aria-label=\"Load more content\" class=\"sby_load_btn\" style=\"background: rgb(120,47,64);\" >\n        <span class=\"sby_btn_text\" >Voir davantage...<\/span>\n        <span class=\"sby_loader sby_hidden\" style=\"background-color: rgb(255, 255, 255);\"><\/span>\n    <\/button>\n\n    <span \n        class=\"sby_follow_btn sby_custom\" \n            >\n        <a \n            href=\"https:\/\/www.youtube.com\/channel\/UC-51gbAxTSKiu0YyBaAIWLw\/\"\n            style=\"background: rgb(120,47,64);\" \n            target=\"_blank\" \n            rel=\"noopener\"\n        >\n            <svg aria-hidden=\"true\" focusable=\"false\" data-prefix=\"fab\" data-icon=\"youtube\" role=\"img\" xmlns=\"http:\/\/www.w3.org\/2000\/svg\" viewBox=\"0 0 576 512\" class=\"svg-inline--fa fa-youtube fa-w-18\"><path fill=\"currentColor\" d=\"M549.655 124.083c-6.281-23.65-24.787-42.276-48.284-48.597C458.781 64 288 64 288 64S117.22 64 74.629 75.486c-23.497 6.322-42.003 24.947-48.284 48.597-11.412 42.867-11.412 132.305-11.412 132.305s0 89.438 11.412 132.305c6.281 23.65 24.787 41.5 48.284 47.821C117.22 448 288 448 288 448s170.78 0 213.371-11.486c23.497-6.321 42.003-24.171 48.284-47.821 11.412-42.867 11.412-132.305 11.412-132.305s0-89.438-11.412-132.305zm-317.51 213.508V175.185l142.739 81.205-142.739 81.201z\" class=\"\"><\/path><\/svg>            <span  >\n                Subscribe            <\/span>\n        <\/a>\n    <\/span>\n<\/div>\n    \n\t\n<\/div>\n\n<style type=\"text\/css\">body #sb_youtube_sbyUC51gbAxTSKiu0YyBaAIWLw18 .sby_caption_wrap .sby_caption { font-size: 13px !important}body #sb_youtube_sbyUC51gbAxTSKiu0YyBaAIWLw18[data-videostyle=boxed] .sby_items_wrap .sby_item .sby_inner_item { background-color: #ffffff !important}<\/style>\n\t\t<\/div>\n\t<\/div>\n\n\t<div class=\"wpb_raw_code wpb_raw_html wpb_content_element\" >\n\t\t<div class=\"wpb_wrapper\">\n\t\t\t        <div\n            class=\"spotlight-instagram-feed\"\n            data-feed-var=\"bc3ce8a6\"\n            data-analytics=\"0\"\n            data-instance=\"248\"\n        >\n        <\/div>\n        <input type=\"hidden\" id=\"sli__f__bc3ce8a6\" data-json='{&quot;accounts&quot;:[3201],&quot;tagged&quot;:[],&quot;hashtags&quot;:[],&quot;layout&quot;:&quot;grid&quot;,&quot;numColumns&quot;:{&quot;desktop&quot;:3},&quot;highlightFreq&quot;:{&quot;desktop&quot;:7},&quot;sliderNumScrollPosts&quot;:{&quot;desktop&quot;:1},&quot;sliderInfinite&quot;:true,&quot;sliderLoop&quot;:false,&quot;sliderArrowPos&quot;:{&quot;desktop&quot;:&quot;inside&quot;},&quot;sliderArrowSize&quot;:{&quot;desktop&quot;:20},&quot;sliderArrowColor&quot;:{&quot;r&quot;:255,&quot;b&quot;:255,&quot;g&quot;:255,&quot;a&quot;:1},&quot;sliderArrowBgColor&quot;:{&quot;r&quot;:0,&quot;b&quot;:0,&quot;g&quot;:0,&quot;a&quot;:0.8},&quot;postOrder&quot;:&quot;date_desc&quot;,&quot;numPosts&quot;:{&quot;desktop&quot;:18},&quot;linkBehavior&quot;:{&quot;desktop&quot;:&quot;lightbox&quot;},&quot;feedWidth&quot;:{&quot;desktop&quot;:&quot;&quot;},&quot;feedHeight&quot;:{&quot;desktop&quot;:&quot;&quot;},&quot;feedPadding&quot;:{&quot;desktop&quot;:20,&quot;tablet&quot;:14,&quot;phone&quot;:10},&quot;imgPadding&quot;:{&quot;desktop&quot;:14,&quot;tablet&quot;:10,&quot;phone&quot;:6},&quot;textSize&quot;:{&quot;desktop&quot;:&quot;&quot;,&quot;tablet&quot;:&quot;&quot;,&quot;phone&quot;:&quot;&quot;},&quot;bgColor&quot;:{&quot;r&quot;:255,&quot;g&quot;:255,&quot;b&quot;:255,&quot;a&quot;:1},&quot;hoverInfo&quot;:[&quot;likes_comments&quot;,&quot;insta_link&quot;],&quot;textColorHover&quot;:{&quot;r&quot;:255,&quot;g&quot;:255,&quot;b&quot;:255,&quot;a&quot;:1},&quot;bgColorHover&quot;:{&quot;r&quot;:0,&quot;g&quot;:0,&quot;b&quot;:0,&quot;a&quot;:0.5},&quot;showHeader&quot;:{&quot;desktop&quot;:true},&quot;headerInfo&quot;:{&quot;desktop&quot;:[&quot;profile_pic&quot;,&quot;bio&quot;]},&quot;headerAccount&quot;:3201,&quot;headerStyle&quot;:{&quot;desktop&quot;:&quot;normal&quot;,&quot;phone&quot;:&quot;centered&quot;},&quot;headerTextSize&quot;:{&quot;desktop&quot;:&quot;&quot;},&quot;headerPhotoSize&quot;:{&quot;desktop&quot;:50},&quot;headerTextColor&quot;:{&quot;r&quot;:0,&quot;g&quot;:0,&quot;b&quot;:0,&quot;a&quot;:1},&quot;headerBgColor&quot;:{&quot;r&quot;:255,&quot;g&quot;:255,&quot;b&quot;:255,&quot;a&quot;:1},&quot;headerPadding&quot;:{&quot;desktop&quot;:0},&quot;customProfilePic&quot;:0,&quot;customBioText&quot;:&quot;&quot;,&quot;includeStories&quot;:false,&quot;storiesInterval&quot;:5,&quot;showCaptions&quot;:{&quot;desktop&quot;:false},&quot;captionMaxLength&quot;:{&quot;desktop&quot;:0},&quot;captionRemoveDots&quot;:false,&quot;captionSize&quot;:{&quot;desktop&quot;:0},&quot;captionColor&quot;:{&quot;r&quot;:0,&quot;g&quot;:0,&quot;b&quot;:0,&quot;a&quot;:1},&quot;showLikes&quot;:{&quot;desktop&quot;:false},&quot;showComments&quot;:{&quot;desktop&quot;:false},&quot;lcIconSize&quot;:{&quot;desktop&quot;:14},&quot;likesIconColor&quot;:{&quot;r&quot;:0,&quot;g&quot;:0,&quot;b&quot;:0,&quot;a&quot;:1},&quot;commentsIconColor&quot;:{&quot;r&quot;:0,&quot;g&quot;:0,&quot;b&quot;:0,&quot;a&quot;:1},&quot;lightboxShowSidebar&quot;:false,&quot;lightboxCtaStyle&quot;:&quot;link&quot;,&quot;lightboxCtaDesign&quot;:{&quot;text&quot;:{&quot;color&quot;:{&quot;r&quot;:0,&quot;g&quot;:0,&quot;b&quot;:0,&quot;a&quot;:1},&quot;align&quot;:&quot;center&quot;},&quot;bgColor&quot;:{&quot;r&quot;:230,&quot;g&quot;:230,&quot;b&quot;:230,&quot;a&quot;:1},&quot;border&quot;:{&quot;radius&quot;:3}},&quot;numLightboxComments&quot;:50,&quot;showLoadMoreBtn&quot;:{&quot;desktop&quot;:true},&quot;loadMoreBtnDesign&quot;:{&quot;text&quot;:{&quot;color&quot;:{&quot;r&quot;:255,&quot;g&quot;:255,&quot;b&quot;:255,&quot;a&quot;:1}},&quot;border&quot;:{&quot;radius&quot;:3},&quot;bgColor&quot;:{&quot;r&quot;:120,&quot;g&quot;:47,&quot;b&quot;:64,&quot;a&quot;:1},&quot;margin&quot;:{&quot;top&quot;:0,&quot;bottom&quot;:0,&quot;left&quot;:0,&quot;right&quot;:0},&quot;padding&quot;:{&quot;top&quot;:12,&quot;bottom&quot;:12,&quot;left&quot;:12,&quot;right&quot;:12},&quot;onHover&quot;:{&quot;text&quot;:{&quot;color&quot;:{&quot;r&quot;:255,&quot;g&quot;:255,&quot;b&quot;:255,&quot;a&quot;:1}},&quot;bgColor&quot;:{&quot;r&quot;:0,&quot;g&quot;:129,&quot;b&quot;:203,&quot;a&quot;:1}}},&quot;loadMoreBtnText&quot;:&quot;Voir davantage&quot;,&quot;loadMoreBtnScroll&quot;:true,&quot;autoload&quot;:false,&quot;showFollowBtn&quot;:{&quot;desktop&quot;:true},&quot;followBtnText&quot;:&quot;Suivez-moi sur Instagram&quot;,&quot;followBtnDesign&quot;:{&quot;text&quot;:{&quot;color&quot;:{&quot;r&quot;:255,&quot;g&quot;:255,&quot;b&quot;:255,&quot;a&quot;:1}},&quot;border&quot;:{&quot;radius&quot;:3},&quot;bgColor&quot;:{&quot;r&quot;:120,&quot;g&quot;:47,&quot;b&quot;:64,&quot;a&quot;:1},&quot;margin&quot;:{&quot;top&quot;:0,&quot;bottom&quot;:0,&quot;left&quot;:0,&quot;right&quot;:0},&quot;padding&quot;:{&quot;top&quot;:12,&quot;bottom&quot;:12,&quot;left&quot;:12,&quot;right&quot;:12},&quot;onHover&quot;:{&quot;text&quot;:{&quot;color&quot;:{&quot;r&quot;:255,&quot;g&quot;:255,&quot;b&quot;:255,&quot;a&quot;:1}},&quot;bgColor&quot;:{&quot;r&quot;:0,&quot;g&quot;:129,&quot;b&quot;:203,&quot;a&quot;:1}}},&quot;followBtnLocation&quot;:{&quot;desktop&quot;:&quot;bottom&quot;,&quot;phone&quot;:&quot;bottom&quot;},&quot;mediaType&quot;:&quot;all&quot;,&quot;hashtagWhitelist&quot;:[],&quot;hashtagBlacklist&quot;:[],&quot;captionWhitelist&quot;:[],&quot;captionBlacklist&quot;:[],&quot;hashtagWhitelistSettings&quot;:true,&quot;hashtagBlacklistSettings&quot;:true,&quot;captionWhitelistSettings&quot;:true,&quot;captionBlacklistSettings&quot;:true,&quot;moderation&quot;:[],&quot;moderationMode&quot;:&quot;blacklist&quot;,&quot;promotionEnabled&quot;:true,&quot;autoPromotionsEnabled&quot;:true,&quot;globalPromotionsEnabled&quot;:true,&quot;promotions&quot;:[]}' \/>\n        <input type=\"hidden\" id=\"sli__a__bc3ce8a6\" data-json='[{&quot;id&quot;:3201,&quot;type&quot;:&quot;PERSONAL&quot;,&quot;userId&quot;:&quot;17841429205500489&quot;,&quot;username&quot;:&quot;billharzfrederic&quot;,&quot;bio&quot;:&quot;&quot;,&quot;customBio&quot;:&quot;&quot;,&quot;profilePicUrl&quot;:&quot;&quot;,&quot;customProfilePicUrl&quot;:&quot;https:\\\/\\\/album-larinascita.ch\\\/wp-content\\\/uploads\\\/2021\\\/03\\\/Fredinsta.jpg&quot;,&quot;mediaCount&quot;:&quot;168&quot;,&quot;followersCount&quot;:&quot;0&quot;,&quot;usages&quot;:[],&quot;creationDate&quot;:&quot;2021-04-08 07:32:08&quot;}]' \/>\n        <input type=\"hidden\" id=\"sli__m__bc3ce8a6\" data-json='[]' \/>\n        \n\t\t<\/div>\n\t<\/div>\n<\/div><\/div><\/div><\/div><div class=\"vc_row-full-width vc_clearfix\"><\/div>\n<\/div>","protected":false},"excerpt":{"rendered":"Mes publications Voir davantage... Subscribe","protected":false},"author":2,"featured_media":0,"parent":0,"menu_order":0,"comment_status":"closed","ping_status":"closed","template":"","meta":{"give_campaign_id":0,"footnotes":""},"class_list":["post-248","page","type-page","status-publish","hentry"],"yoast_head":"<!-- This site is optimized with the Yoast SEO plugin v27.5 - https:\/\/yoast.com\/product\/yoast-seo-wordpress\/ -->\n<title>Projects - Fr\u00e9d\u00e9ric Billharz (crowdfunding)<\/title>\n<meta name=\"robots\" content=\"noindex, follow, max-snippet:-1, max-image-preview:large, max-video-preview:-1\" \/>\n<meta property=\"og:locale\" content=\"en_GB\" \/>\n<meta property=\"og:type\" content=\"article\" \/>\n<meta property=\"og:title\" content=\"Projects - Fr\u00e9d\u00e9ric Billharz (crowdfunding)\" \/>\n<meta property=\"og:url\" content=\"https:\/\/album-larinascita.ch\/en\/projects\/\" \/>\n<meta property=\"og:site_name\" content=\"Fr\u00e9d\u00e9ric Billharz (crowdfunding)\" \/>\n<meta property=\"article:modified_time\" content=\"2021-04-08T07:39:59+00:00\" \/>\n<meta name=\"twitter:card\" content=\"summary_large_image\" \/>\n<script type=\"application\/ld+json\" class=\"yoast-schema-graph\">{\"@context\":\"https:\\\/\\\/schema.org\",\"@graph\":[{\"@type\":\"WebPage\",\"@id\":\"https:\\\/\\\/album-larinascita.ch\\\/projects\\\/\",\"url\":\"https:\\\/\\\/album-larinascita.ch\\\/projects\\\/\",\"name\":\"Projects - Fr\u00e9d\u00e9ric Billharz (crowdfunding)\",\"isPartOf\":{\"@id\":\"https:\\\/\\\/album-larinascita.ch\\\/#website\"},\"datePublished\":\"2016-10-15T11:40:45+00:00\",\"dateModified\":\"2021-04-08T07:39:59+00:00\",\"breadcrumb\":{\"@id\":\"https:\\\/\\\/album-larinascita.ch\\\/projects\\\/#breadcrumb\"},\"inLanguage\":\"en-GB\",\"potentialAction\":[{\"@type\":\"ReadAction\",\"target\":[\"https:\\\/\\\/album-larinascita.ch\\\/projects\\\/\"]}]},{\"@type\":\"BreadcrumbList\",\"@id\":\"https:\\\/\\\/album-larinascita.ch\\\/projects\\\/#breadcrumb\",\"itemListElement\":[{\"@type\":\"ListItem\",\"position\":1,\"name\":\"Home\",\"item\":\"https:\\\/\\\/album-larinascita.ch\\\/\"},{\"@type\":\"ListItem\",\"position\":2,\"name\":\"Projects\"}]},{\"@type\":\"WebSite\",\"@id\":\"https:\\\/\\\/album-larinascita.ch\\\/#website\",\"url\":\"https:\\\/\\\/album-larinascita.ch\\\/\",\"name\":\"Fr\u00e9d\u00e9ric Billharz (crowdfunding)\",\"description\":\"\",\"potentialAction\":[{\"@type\":\"SearchAction\",\"target\":{\"@type\":\"EntryPoint\",\"urlTemplate\":\"https:\\\/\\\/album-larinascita.ch\\\/?s={search_term_string}\"},\"query-input\":{\"@type\":\"PropertyValueSpecification\",\"valueRequired\":true,\"valueName\":\"search_term_string\"}}],\"inLanguage\":\"en-GB\"}]}<\/script>\n<!-- \/ Yoast SEO plugin. -->","yoast_head_json":{"title":"Projects - Fr\u00e9d\u00e9ric Billharz (crowdfunding)","robots":{"index":"noindex","follow":"follow","max-snippet":"max-snippet:-1","max-image-preview":"max-image-preview:large","max-video-preview":"max-video-preview:-1"},"og_locale":"en_GB","og_type":"article","og_title":"Projects - Fr\u00e9d\u00e9ric Billharz (crowdfunding)","og_url":"https:\/\/album-larinascita.ch\/en\/projects\/","og_site_name":"Fr\u00e9d\u00e9ric Billharz (crowdfunding)","article_modified_time":"2021-04-08T07:39:59+00:00","twitter_card":"summary_large_image","schema":{"@context":"https:\/\/schema.org","@graph":[{"@type":"WebPage","@id":"https:\/\/album-larinascita.ch\/projects\/","url":"https:\/\/album-larinascita.ch\/projects\/","name":"Projects - Fr\u00e9d\u00e9ric Billharz (crowdfunding)","isPartOf":{"@id":"https:\/\/album-larinascita.ch\/#website"},"datePublished":"2016-10-15T11:40:45+00:00","dateModified":"2021-04-08T07:39:59+00:00","breadcrumb":{"@id":"https:\/\/album-larinascita.ch\/projects\/#breadcrumb"},"inLanguage":"en-GB","potentialAction":[{"@type":"ReadAction","target":["https:\/\/album-larinascita.ch\/projects\/"]}]},{"@type":"BreadcrumbList","@id":"https:\/\/album-larinascita.ch\/projects\/#breadcrumb","itemListElement":[{"@type":"ListItem","position":1,"name":"Home","item":"https:\/\/album-larinascita.ch\/"},{"@type":"ListItem","position":2,"name":"Projects"}]},{"@type":"WebSite","@id":"https:\/\/album-larinascita.ch\/#website","url":"https:\/\/album-larinascita.ch\/","name":"Fr\u00e9d\u00e9ric Billharz (crowdfunding)","description":"","potentialAction":[{"@type":"SearchAction","target":{"@type":"EntryPoint","urlTemplate":"https:\/\/album-larinascita.ch\/?s={search_term_string}"},"query-input":{"@type":"PropertyValueSpecification","valueRequired":true,"valueName":"search_term_string"}}],"inLanguage":"en-GB"}]}},"campaignId":"","jetpack_sharing_enabled":true,"_links":{"self":[{"href":"https:\/\/album-larinascita.ch\/en\/wp-json\/wp\/v2\/pages\/248","targetHints":{"allow":["GET"]}}],"collection":[{"href":"https:\/\/album-larinascita.ch\/en\/wp-json\/wp\/v2\/pages"}],"about":[{"href":"https:\/\/album-larinascita.ch\/en\/wp-json\/wp\/v2\/types\/page"}],"author":[{"embeddable":true,"href":"https:\/\/album-larinascita.ch\/en\/wp-json\/wp\/v2\/users\/2"}],"replies":[{"embeddable":true,"href":"https:\/\/album-larinascita.ch\/en\/wp-json\/wp\/v2\/comments?post=248"}],"version-history":[{"count":22,"href":"https:\/\/album-larinascita.ch\/en\/wp-json\/wp\/v2\/pages\/248\/revisions"}],"predecessor-version":[{"id":3242,"href":"https:\/\/album-larinascita.ch\/en\/wp-json\/wp\/v2\/pages\/248\/revisions\/3242"}],"wp:attachment":[{"href":"https:\/\/album-larinascita.ch\/en\/wp-json\/wp\/v2\/media?parent=248"}],"curies":[{"name":"wp","href":"https:\/\/api.w.org\/{rel}","templated":true}]}}