{"id":34,"date":"2016-10-11T09:09:00","date_gmt":"2016-10-11T09:09:00","guid":{"rendered":"http:\/\/localhost:8080\/act\/?page_id=34"},"modified":"2021-05-05T15:02:23","modified_gmt":"2021-05-05T13:02:23","slug":"about","status":"publish","type":"page","link":"https:\/\/album-larinascita.ch\/en\/about\/","title":{"rendered":"About"},"content":{"rendered":"<div class=\"wpb-content-wrapper\"><div data-vc-full-width=\"true\" data-vc-full-width-init=\"false\" data-vc-stretch-content=\"true\" class=\"vc_row wpb_row vc_row-fluid vc_row-no-padding vc_row-o-equal-height vc_row-flex\"><div class=\"wpb_column vc_column_container vc_col-sm-12 vc_col-lg-4 vc_col-md-4 vc_col-xs-12 vc_col-has-fill\"><div class=\"vc_column-inner vc_custom_1617622720703\"><div class=\"wpb_wrapper\"><div class=\"bg-brand-warning process-box\" style=\"background-color:;\"><div class=\"responsive-hide\"><div class=\"triangle-right wow animated-longer-delay-3 fadeIn\"><span class=\"text-big\"><i class=\"fa fa-caret-right text-warning\" style=\"color:;\"><\/i><\/span><\/div><\/div><div class=\"col-lg-12 col-md-12 inner-container-small wow animated fadeIn\" data-wow-offset=\"10\"><div class=\"pull-left icon-circle-md\"><button class=\"btn-circle btn-white\"><i class=\"fas fa-glasses fa-2x\"><\/i><\/button><\/div><div class=\"col-lg-9 col-md-9\"><h2>My Story<\/h2><p> <strong>At the start of the COVID-19 pandemic, I was infected and had to be hospitalized urgently, suffering from respiratory failure. A CT scan showed that my lungs were badly damaged. I realized then that I would have to fight to get out of this situation and that I might not be able to sing anymore. After being released from the hospital, I continued my rehabilitation daily despite a persistent cough. I decided to create the album as a means to inspire others in a similar situation. <\/strong><strong>When I posted my interpretation of different songs on social media, I received many words of encouragement and congratulations. These inspired me to undertake the recording of my first album with the title \"La Rinascita\"... the rebirth.<\/strong><br><br><a href=\"https:\/\/www.youtube.com\/c\/Fr\u00e9d\u00e9ricBILLHARZ\" target=\"\" title=\"Project\" class=\"btn btn-black btn-sm\">Project<\/a><\/p><\/div><\/div><\/div><\/div><\/div><\/div><div class=\"wpb_column vc_column_container vc_col-sm-12 vc_col-lg-4 vc_col-md-4 vc_col-xs-12 vc_col-has-fill\"><div class=\"vc_column-inner vc_custom_1617624500561\"><div class=\"wpb_wrapper\"><div class=\"bg-brand-warning process-box\" style=\"background-color:;\"><div class=\"responsive-hide\"><div class=\"triangle-right wow animated-longer-delay-3 fadeIn\"><span class=\"text-big\"><i class=\"fa fa-caret-right text-warning\" style=\"color:;\"><\/i><\/span><\/div><\/div><div class=\"col-lg-12 col-md-12 inner-container-small wow animated fadeIn\" data-wow-offset=\"10\"><div class=\"pull-left icon-circle-md\"><button class=\"btn-circle btn-white\"><i class=\"fas fa-music fa-2x\"><\/i><\/button><\/div><div class=\"col-lg-9 col-md-9\"><h2>My Musical Bio<\/h2><p> <strong>I started singing at the age of 7. After that, I studied trombone for several years. When I was 15, listening to Marillion's ... 33 rpm \ud83d\ude09\"Seasons end\", I discovered the pleasure of humming. A few months later, I attend a performance of Puccini's opera \"Turandot\". It was revelation and I immediately decided to enrol at the Conservatory in classical singing and at the College of Geneva. Thanks to professors Marga Liskutin and Claude Darbellay, I obtained my certificate in 2003 with the congratulations of the school. In parallel with my professional life, I've partaken in musicals: \"The phantom of the opera\" (Raoul) and \"illusion\" where I played the leading role!<\/strong><\/p>\n<p><strong>My lyrical range is tenor.<\/strong><br><br><a href=\"https:\/\/www.youtube.com\/c\/Fr\u00e9d\u00e9ricBILLHARZ\" target=\"\" title=\"Discover\" class=\"btn btn-black btn-sm\">Discover<\/a><\/p><\/div><\/div><\/div><\/div><\/div><\/div><div class=\"wpb_column vc_column_container vc_col-sm-12 vc_col-lg-4 vc_col-md-4 vc_col-xs-12 vc_col-has-fill\"><div class=\"vc_column-inner vc_custom_1617624413400\"><div class=\"wpb_wrapper\"><div class=\"bg-brand-warning process-box\" style=\"background-color:;\"><div class=\"responsive-hide\"><div class=\"triangle-right wow animated-longer-delay-3 fadeIn\"><span class=\"text-big\"><i class=\"fa fa-caret-right text-warning\" style=\"color:;\"><\/i><\/span><\/div><\/div><div class=\"col-lg-12 col-md-12 inner-container-small wow animated fadeIn\" data-wow-offset=\"10\"><div class=\"pull-left icon-circle-md\"><button class=\"btn-circle btn-white\"><i class=\"fas fa-globe-africa fa-2x\"><\/i><\/button><\/div><div class=\"col-lg-9 col-md-9\"><h2>Create your own crowdfunding campaign<\/h2><p> <strong>If you also want to create your own campaign while avoiding the drawbacks of crowdfunding platforms, do not hesitate to contact me.<\/strong><br><br><a href=\"https:\/\/album-larinascita.ch\/en\/contact\/\" target=\"\" title=\"Contact\" class=\"btn btn-black btn-sm\">Contact<\/a><\/p><\/div><\/div><\/div><\/div><\/div><\/div><\/div><div class=\"vc_row-full-width vc_clearfix\"><\/div><div class=\"vc_row wpb_row vc_row-fluid\"><div class=\"container\"><div class=\"wpb_column vc_column_container vc_col-sm-12\"><div class=\"vc_column-inner vc_custom_1620114408425\"><div class=\"wpb_wrapper\"><h1 style=\"color: #0f0f0f;text-align: center\" class=\"vc_custom_heading vc_do_custom_heading\" >With the support of<\/h1><div class=\"wpb_gallery wpb_content_element vc_clearfix wpb_content_element\" id=\"sponsors\"><div class=\"wpb_wrapper\"><div class=\"wpb_gallery_slides wpb_image_grid\" data-interval=\"3\"><ul class=\"wpb_image_grid_ul\"><li class=\"isotope-item\"><a href=\"https:\/\/e-depannages.ch\/\" target=\"_blank\"><img loading=\"lazy\" decoding=\"async\" width=\"195\" height=\"64\" src=\"https:\/\/album-larinascita.ch\/wp-content\/uploads\/2021\/05\/logotop.png\" class=\"attachment-thumbnail\" alt=\"\" title=\"logotop\" srcset=\"https:\/\/album-larinascita.ch\/wp-content\/uploads\/2021\/05\/logotop.png 195w, https:\/\/album-larinascita.ch\/wp-content\/uploads\/2021\/05\/logotop-16x5.png 16w\" sizes=\"auto, (max-width: 195px) 100vw, 195px\" \/><\/a><\/li><\/ul><\/div><\/div><\/div><\/div><\/div><\/div><\/div><\/div>\n<\/div>","protected":false},"excerpt":{"rendered":"Mon Histoire Au d\u00e9but de la pand\u00e9mie du COVID-19, j\u2019ai \u00e9t\u00e9 infect\u00e9 et d\u00fb \u00eatre hospitalis\u00e9 en urgence, souffrant d\u2019une insuffisance respiratoire. Un scanner a d\u00e9montr\u00e9 que mes poumons \u00e9taient&hellip;<div class=\"pull-left\"><a href=\"https:\/\/album-larinascita.ch\/en\/about\/\" class=\"btn btn-black btn-sm\"><span class=\"read-more\">Read More<\/span><\/a><\/div>","protected":false},"author":2,"featured_media":0,"parent":0,"menu_order":0,"comment_status":"closed","ping_status":"closed","template":"","meta":{"give_campaign_id":0,"footnotes":""},"class_list":["post-34","page","type-page","status-publish","hentry"],"yoast_head":"<!-- This site is optimized with the Yoast SEO plugin v27.5 - https:\/\/yoast.com\/product\/yoast-seo-wordpress\/ -->\n<title>About - Fr\u00e9d\u00e9ric Billharz (crowdfunding)<\/title>\n<meta name=\"robots\" content=\"noindex, follow, max-snippet:-1, max-image-preview:large, max-video-preview:-1\" \/>\n<meta property=\"og:locale\" content=\"en_GB\" \/>\n<meta property=\"og:type\" content=\"article\" \/>\n<meta property=\"og:title\" content=\"About - Fr\u00e9d\u00e9ric Billharz (crowdfunding)\" \/>\n<meta property=\"og:url\" content=\"https:\/\/album-larinascita.ch\/en\/about\/\" \/>\n<meta property=\"og:site_name\" content=\"Fr\u00e9d\u00e9ric Billharz (crowdfunding)\" \/>\n<meta property=\"article:modified_time\" content=\"2021-05-05T13:02:23+00:00\" \/>\n<meta name=\"twitter:card\" content=\"summary_large_image\" \/>\n<meta name=\"twitter:label1\" content=\"Estimated reading time\" \/>\n\t<meta name=\"twitter:data1\" content=\"3 minutes\" \/>\n<script type=\"application\/ld+json\" class=\"yoast-schema-graph\">{\"@context\":\"https:\\\/\\\/schema.org\",\"@graph\":[{\"@type\":\"WebPage\",\"@id\":\"https:\\\/\\\/album-larinascita.ch\\\/about\\\/\",\"url\":\"https:\\\/\\\/album-larinascita.ch\\\/about\\\/\",\"name\":\"About - Fr\u00e9d\u00e9ric Billharz (crowdfunding)\",\"isPartOf\":{\"@id\":\"https:\\\/\\\/album-larinascita.ch\\\/#website\"},\"datePublished\":\"2016-10-11T09:09:00+00:00\",\"dateModified\":\"2021-05-05T13:02:23+00:00\",\"breadcrumb\":{\"@id\":\"https:\\\/\\\/album-larinascita.ch\\\/about\\\/#breadcrumb\"},\"inLanguage\":\"en-GB\",\"potentialAction\":[{\"@type\":\"ReadAction\",\"target\":[\"https:\\\/\\\/album-larinascita.ch\\\/about\\\/\"]}]},{\"@type\":\"BreadcrumbList\",\"@id\":\"https:\\\/\\\/album-larinascita.ch\\\/about\\\/#breadcrumb\",\"itemListElement\":[{\"@type\":\"ListItem\",\"position\":1,\"name\":\"Home\",\"item\":\"https:\\\/\\\/album-larinascita.ch\\\/\"},{\"@type\":\"ListItem\",\"position\":2,\"name\":\"About\"}]},{\"@type\":\"WebSite\",\"@id\":\"https:\\\/\\\/album-larinascita.ch\\\/#website\",\"url\":\"https:\\\/\\\/album-larinascita.ch\\\/\",\"name\":\"Fr\u00e9d\u00e9ric Billharz (crowdfunding)\",\"description\":\"\",\"potentialAction\":[{\"@type\":\"SearchAction\",\"target\":{\"@type\":\"EntryPoint\",\"urlTemplate\":\"https:\\\/\\\/album-larinascita.ch\\\/?s={search_term_string}\"},\"query-input\":{\"@type\":\"PropertyValueSpecification\",\"valueRequired\":true,\"valueName\":\"search_term_string\"}}],\"inLanguage\":\"en-GB\"}]}<\/script>\n<!-- \/ Yoast SEO plugin. -->","yoast_head_json":{"title":"About - Fr\u00e9d\u00e9ric Billharz (crowdfunding)","robots":{"index":"noindex","follow":"follow","max-snippet":"max-snippet:-1","max-image-preview":"max-image-preview:large","max-video-preview":"max-video-preview:-1"},"og_locale":"en_GB","og_type":"article","og_title":"About - Fr\u00e9d\u00e9ric Billharz (crowdfunding)","og_url":"https:\/\/album-larinascita.ch\/en\/about\/","og_site_name":"Fr\u00e9d\u00e9ric Billharz (crowdfunding)","article_modified_time":"2021-05-05T13:02:23+00:00","twitter_card":"summary_large_image","twitter_misc":{"Estimated reading time":"3 minutes"},"schema":{"@context":"https:\/\/schema.org","@graph":[{"@type":"WebPage","@id":"https:\/\/album-larinascita.ch\/about\/","url":"https:\/\/album-larinascita.ch\/about\/","name":"About - Fr\u00e9d\u00e9ric Billharz (crowdfunding)","isPartOf":{"@id":"https:\/\/album-larinascita.ch\/#website"},"datePublished":"2016-10-11T09:09:00+00:00","dateModified":"2021-05-05T13:02:23+00:00","breadcrumb":{"@id":"https:\/\/album-larinascita.ch\/about\/#breadcrumb"},"inLanguage":"en-GB","potentialAction":[{"@type":"ReadAction","target":["https:\/\/album-larinascita.ch\/about\/"]}]},{"@type":"BreadcrumbList","@id":"https:\/\/album-larinascita.ch\/about\/#breadcrumb","itemListElement":[{"@type":"ListItem","position":1,"name":"Home","item":"https:\/\/album-larinascita.ch\/"},{"@type":"ListItem","position":2,"name":"About"}]},{"@type":"WebSite","@id":"https:\/\/album-larinascita.ch\/#website","url":"https:\/\/album-larinascita.ch\/","name":"Fr\u00e9d\u00e9ric Billharz (crowdfunding)","description":"","potentialAction":[{"@type":"SearchAction","target":{"@type":"EntryPoint","urlTemplate":"https:\/\/album-larinascita.ch\/?s={search_term_string}"},"query-input":{"@type":"PropertyValueSpecification","valueRequired":true,"valueName":"search_term_string"}}],"inLanguage":"en-GB"}]}},"campaignId":"","jetpack_sharing_enabled":true,"_links":{"self":[{"href":"https:\/\/album-larinascita.ch\/en\/wp-json\/wp\/v2\/pages\/34","targetHints":{"allow":["GET"]}}],"collection":[{"href":"https:\/\/album-larinascita.ch\/en\/wp-json\/wp\/v2\/pages"}],"about":[{"href":"https:\/\/album-larinascita.ch\/en\/wp-json\/wp\/v2\/types\/page"}],"author":[{"embeddable":true,"href":"https:\/\/album-larinascita.ch\/en\/wp-json\/wp\/v2\/users\/2"}],"replies":[{"embeddable":true,"href":"https:\/\/album-larinascita.ch\/en\/wp-json\/wp\/v2\/comments?post=34"}],"version-history":[{"count":42,"href":"https:\/\/album-larinascita.ch\/en\/wp-json\/wp\/v2\/pages\/34\/revisions"}],"predecessor-version":[{"id":3571,"href":"https:\/\/album-larinascita.ch\/en\/wp-json\/wp\/v2\/pages\/34\/revisions\/3571"}],"wp:attachment":[{"href":"https:\/\/album-larinascita.ch\/en\/wp-json\/wp\/v2\/media?parent=34"}],"curies":[{"name":"wp","href":"https:\/\/api.w.org\/{rel}","templated":true}]}}